{"id":1812,"date":"2015-02-05T16:31:05","date_gmt":"2015-02-05T16:31:05","guid":{"rendered":"http:\/\/fundacionpuertocolombia.org\/?page_id=1812"},"modified":"2015-02-11T14:52:21","modified_gmt":"2015-02-11T14:52:21","slug":"festival-internacional-de-coros-un-mar-de-voces-2013","status":"publish","type":"page","link":"https:\/\/fundacionpuertocolombia.org\/en\/proyectos\/unmardevoces\/festival-internacional-de-coros-un-mar-de-voces-2013\/","title":{"rendered":"Festival 2013"},"content":{"rendered":"<p>Del 1 al 5 de octubre de 2013 se realiz\u00f3 en toda Barranquilla y el Departamento del Atl\u00e1ntico, el FESTIVAL INTERNACIONAL DE COROS &#8220;UN MAR DE VOCES&#8221;, la primera vez que se unieron 2 eventos corales institucionalizados en la regi\u00f3n, como son: el Festival de Coros Ciudad de Barranquilla y el Encuentro de Coros Puerto Colombia.<\/p>\n<p>Los coros internacionales que participaron en este evento fueron:\u00a0 Ars Vocal (Venezuela), Voci Profonde (Nicaragua) y\u00a0Cantoria Vivace (Ecuador).<\/p>\n<p>A nivel nacional y regional participaron: Coro VociStudio (Bogot\u00e1), Coro Unisucre (Sincelejo) y los coros infantil y adulto Cajamag de Santa Marta; por barranquilla y el Atl\u00e1ntico y Barranquilla se presentaron:\u00a0Coro infantil y Juvenil &#8220;Canto-Rio&#8221;, Coro FUMUSBA de Baranoa, Coro Infantil Colegio Americano (Barranquilla), Coro Voces del Campo (Campo de la Cruz), Coro Museo Julio Florez (Usiacur\u00ed), Coro Angellus (Soledad), Coro infantil Reina del Cielo (Puerto Colombia), Coro Colegio Parrish, Coro Pre-juvenil Colegio Americano (Barranquilla), Coro Alberto Carbonell (Puerto Colombia), Coro Universidad Reformada, Coro Crescendo, Ensamble Vocal Relativo, Coro Pedro Biava (Barranquilla), Coro Sirena, Coral Philarmon\u00eda, Coro Universidad del Norte, Coro Universidad del Atl\u00e1ntico y Coro Coraluna.<\/p>\n<p>El FESTIVAL INTERNACIONAL DE COROS &#8220;UN MAR DE VOCES&#8221; 2013, organizado por la FUNDACI\u00d3N PUERTO COLOMBIA, se logr\u00f3 gracias a:<\/p>\n<p>Secretar\u00edas de Cultura: Gobernaci\u00f3n del Atl\u00e1ntico, Alcald\u00eda Distrital de Barranquilla y la Alcald\u00eda Municipal de Puerto Colombia.<\/p>\n<p>Apoyo: Parroquia Santa Isabel de Portugal de Salgar, Universidad del Atl\u00e1ntico, Puerto de Barranquilla, \u00c1rea cultural del Banco de la Rep\u00fablica, Museo de Arte Moderno de Barranquilla MAMB, Hotel Puerto Colombia, Impressa, Busexpress Ltda y Miche Producciones.<\/p>\n\n\t\t<style type=\"text\/css\">\n\t\t\t#gallery-1 {\n\t\t\t\tmargin: auto;\n\t\t\t}\n\t\t\t#gallery-1 .gallery-item {\n\t\t\t\tfloat: left;\n\t\t\t\tmargin-top: 10px;\n\t\t\t\ttext-align: center;\n\t\t\t\twidth: 20%;\n\t\t\t}\n\t\t\t#gallery-1 img {\n\t\t\t\tborder: 2px solid #cfcfcf;\n\t\t\t}\n\t\t\t#gallery-1 .gallery-caption {\n\t\t\t\tmargin-left: 0;\n\t\t\t}\n\t\t\t\/* see gallery_shortcode() in wp-includes\/media.php *\/\n\t\t<\/style>\n\t\t<div id='gallery-1' class='gallery galleryid-1812 gallery-columns-5 gallery-size-medium'><dl class='gallery-item'>\n\t\t\t<dt class='gallery-icon portrait'>\n\t\t\t\t<a href='https:\/\/fundacionpuertocolombia.org\/wp-content\/uploads\/2015\/02\/afiche-oficial-festival-de-coros-2013.jpg'><img fetchpriority=\"high\" decoding=\"async\" width=\"203\" height=\"300\" src=\"https:\/\/fundacionpuertocolombia.org\/wp-content\/uploads\/2015\/02\/afiche-oficial-festival-de-coros-2013-203x300.jpg\" class=\"attachment-medium size-medium\" alt=\"\" srcset=\"https:\/\/fundacionpuertocolombia.org\/wp-content\/uploads\/2015\/02\/afiche-oficial-festival-de-coros-2013-203x300.jpg 203w, https:\/\/fundacionpuertocolombia.org\/wp-content\/uploads\/2015\/02\/afiche-oficial-festival-de-coros-2013-102x150.jpg 102w, https:\/\/fundacionpuertocolombia.org\/wp-content\/uploads\/2015\/02\/afiche-oficial-festival-de-coros-2013.jpg 650w\" sizes=\"(max-width: 203px) 100vw, 203px\" \/><\/a>\n\t\t\t<\/dt><\/dl><dl class='gallery-item'>\n\t\t\t<dt class='gallery-icon landscape'>\n\t\t\t\t<a href='https:\/\/fundacionpuertocolombia.org\/wp-content\/uploads\/2014\/02\/555458_442534879200821_1074284404_n.jpg'><img decoding=\"async\" width=\"300\" height=\"225\" src=\"https:\/\/fundacionpuertocolombia.org\/wp-content\/uploads\/2014\/02\/555458_442534879200821_1074284404_n-300x225.jpg\" class=\"attachment-medium size-medium\" alt=\"\" srcset=\"https:\/\/fundacionpuertocolombia.org\/wp-content\/uploads\/2014\/02\/555458_442534879200821_1074284404_n-300x225.jpg 300w, https:\/\/fundacionpuertocolombia.org\/wp-content\/uploads\/2014\/02\/555458_442534879200821_1074284404_n-200x150.jpg 200w, https:\/\/fundacionpuertocolombia.org\/wp-content\/uploads\/2014\/02\/555458_442534879200821_1074284404_n-150x112.jpg 150w, https:\/\/fundacionpuertocolombia.org\/wp-content\/uploads\/2014\/02\/555458_442534879200821_1074284404_n.jpg 640w\" sizes=\"(max-width: 300px) 100vw, 300px\" \/><\/a>\n\t\t\t<\/dt><\/dl><dl class='gallery-item'>\n\t\t\t<dt class='gallery-icon landscape'>\n\t\t\t\t<a href='https:\/\/fundacionpuertocolombia.org\/wp-content\/uploads\/2014\/02\/El-Padre-Jaime-Marenco-agradeciendo-a-los-organizadores-por-tener-en-cuenta-a-salgar-para-la-apertura-del-festival.jpg'><img decoding=\"async\" width=\"300\" height=\"198\" src=\"https:\/\/fundacionpuertocolombia.org\/wp-content\/uploads\/2014\/02\/El-Padre-Jaime-Marenco-agradeciendo-a-los-organizadores-por-tener-en-cuenta-a-salgar-para-la-apertura-del-festival-300x198.jpg\" class=\"attachment-medium size-medium\" alt=\"\" srcset=\"https:\/\/fundacionpuertocolombia.org\/wp-content\/uploads\/2014\/02\/El-Padre-Jaime-Marenco-agradeciendo-a-los-organizadores-por-tener-en-cuenta-a-salgar-para-la-apertura-del-festival-300x198.jpg 300w, https:\/\/fundacionpuertocolombia.org\/wp-content\/uploads\/2014\/02\/El-Padre-Jaime-Marenco-agradeciendo-a-los-organizadores-por-tener-en-cuenta-a-salgar-para-la-apertura-del-festival-226x150.jpg 226w, https:\/\/fundacionpuertocolombia.org\/wp-content\/uploads\/2014\/02\/El-Padre-Jaime-Marenco-agradeciendo-a-los-organizadores-por-tener-en-cuenta-a-salgar-para-la-apertura-del-festival-150x99.jpg 150w, https:\/\/fundacionpuertocolombia.org\/wp-content\/uploads\/2014\/02\/El-Padre-Jaime-Marenco-agradeciendo-a-los-organizadores-por-tener-en-cuenta-a-salgar-para-la-apertura-del-festival.jpg 640w\" sizes=\"(max-width: 300px) 100vw, 300px\" \/><\/a>\n\t\t\t<\/dt><\/dl><dl class='gallery-item'>\n\t\t\t<dt class='gallery-icon landscape'>\n\t\t\t\t<a href='https:\/\/fundacionpuertocolombia.org\/wp-content\/uploads\/2015\/02\/1276766_442867699167539_1970065562_o-e1423607985760.jpg'><img loading=\"lazy\" decoding=\"async\" width=\"300\" height=\"199\" src=\"https:\/\/fundacionpuertocolombia.org\/wp-content\/uploads\/2015\/02\/1276766_442867699167539_1970065562_o-300x199.jpg\" class=\"attachment-medium size-medium\" alt=\"\" srcset=\"https:\/\/fundacionpuertocolombia.org\/wp-content\/uploads\/2015\/02\/1276766_442867699167539_1970065562_o-300x199.jpg 300w, https:\/\/fundacionpuertocolombia.org\/wp-content\/uploads\/2015\/02\/1276766_442867699167539_1970065562_o-1024x678.jpg 1024w, https:\/\/fundacionpuertocolombia.org\/wp-content\/uploads\/2015\/02\/1276766_442867699167539_1970065562_o-227x150.jpg 227w, https:\/\/fundacionpuertocolombia.org\/wp-content\/uploads\/2015\/02\/1276766_442867699167539_1970065562_o-150x99.jpg 150w, https:\/\/fundacionpuertocolombia.org\/wp-content\/uploads\/2015\/02\/1276766_442867699167539_1970065562_o-e1423607985760.jpg 1000w\" sizes=\"(max-width: 300px) 100vw, 300px\" \/><\/a>\n\t\t\t<\/dt><\/dl><dl class='gallery-item'>\n\t\t\t<dt class='gallery-icon landscape'>\n\t\t\t\t<a href='https:\/\/fundacionpuertocolombia.org\/wp-content\/uploads\/2015\/02\/1267664_442868222500820_1433419568_o-e1423607997466.jpg'><img loading=\"lazy\" decoding=\"async\" width=\"300\" height=\"199\" src=\"https:\/\/fundacionpuertocolombia.org\/wp-content\/uploads\/2015\/02\/1267664_442868222500820_1433419568_o-300x199.jpg\" class=\"attachment-medium size-medium\" alt=\"\" srcset=\"https:\/\/fundacionpuertocolombia.org\/wp-content\/uploads\/2015\/02\/1267664_442868222500820_1433419568_o-300x199.jpg 300w, https:\/\/fundacionpuertocolombia.org\/wp-content\/uploads\/2015\/02\/1267664_442868222500820_1433419568_o-1024x678.jpg 1024w, https:\/\/fundacionpuertocolombia.org\/wp-content\/uploads\/2015\/02\/1267664_442868222500820_1433419568_o-227x150.jpg 227w, https:\/\/fundacionpuertocolombia.org\/wp-content\/uploads\/2015\/02\/1267664_442868222500820_1433419568_o-150x99.jpg 150w, https:\/\/fundacionpuertocolombia.org\/wp-content\/uploads\/2015\/02\/1267664_442868222500820_1433419568_o-e1423607997466.jpg 1000w\" sizes=\"(max-width: 300px) 100vw, 300px\" \/><\/a>\n\t\t\t<\/dt><\/dl><br style=\"clear: both\" \/><dl class='gallery-item'>\n\t\t\t<dt class='gallery-icon landscape'>\n\t\t\t\t<a href='https:\/\/fundacionpuertocolombia.org\/wp-content\/uploads\/2015\/02\/976587_442868005834175_727317651_o-e1423608010991.jpg'><img loading=\"lazy\" decoding=\"async\" width=\"300\" height=\"199\" src=\"https:\/\/fundacionpuertocolombia.org\/wp-content\/uploads\/2015\/02\/976587_442868005834175_727317651_o-300x199.jpg\" class=\"attachment-medium size-medium\" alt=\"\" srcset=\"https:\/\/fundacionpuertocolombia.org\/wp-content\/uploads\/2015\/02\/976587_442868005834175_727317651_o-300x199.jpg 300w, https:\/\/fundacionpuertocolombia.org\/wp-content\/uploads\/2015\/02\/976587_442868005834175_727317651_o-1024x678.jpg 1024w, https:\/\/fundacionpuertocolombia.org\/wp-content\/uploads\/2015\/02\/976587_442868005834175_727317651_o-227x150.jpg 227w, https:\/\/fundacionpuertocolombia.org\/wp-content\/uploads\/2015\/02\/976587_442868005834175_727317651_o-150x99.jpg 150w, https:\/\/fundacionpuertocolombia.org\/wp-content\/uploads\/2015\/02\/976587_442868005834175_727317651_o-e1423608010991.jpg 1000w\" sizes=\"(max-width: 300px) 100vw, 300px\" \/><\/a>\n\t\t\t<\/dt><\/dl><dl class='gallery-item'>\n\t\t\t<dt class='gallery-icon landscape'>\n\t\t\t\t<a href='https:\/\/fundacionpuertocolombia.org\/wp-content\/uploads\/2014\/02\/Coro-Fumusba-de-Baranoa-durante-su-presentaci\u00f3n-en-la-Gala-Atl\u00e1ntico.jpg'><img loading=\"lazy\" decoding=\"async\" width=\"300\" height=\"199\" src=\"https:\/\/fundacionpuertocolombia.org\/wp-content\/uploads\/2014\/02\/Coro-Fumusba-de-Baranoa-durante-su-presentaci\u00f3n-en-la-Gala-Atl\u00e1ntico-300x199.jpg\" class=\"attachment-medium size-medium\" alt=\"\" srcset=\"https:\/\/fundacionpuertocolombia.org\/wp-content\/uploads\/2014\/02\/Coro-Fumusba-de-Baranoa-durante-su-presentaci\u00f3n-en-la-Gala-Atl\u00e1ntico-300x199.jpg 300w, https:\/\/fundacionpuertocolombia.org\/wp-content\/uploads\/2014\/02\/Coro-Fumusba-de-Baranoa-durante-su-presentaci\u00f3n-en-la-Gala-Atl\u00e1ntico-225x150.jpg 225w, https:\/\/fundacionpuertocolombia.org\/wp-content\/uploads\/2014\/02\/Coro-Fumusba-de-Baranoa-durante-su-presentaci\u00f3n-en-la-Gala-Atl\u00e1ntico-150x99.jpg 150w, https:\/\/fundacionpuertocolombia.org\/wp-content\/uploads\/2014\/02\/Coro-Fumusba-de-Baranoa-durante-su-presentaci\u00f3n-en-la-Gala-Atl\u00e1ntico.jpg 640w\" sizes=\"(max-width: 300px) 100vw, 300px\" \/><\/a>\n\t\t\t<\/dt><\/dl><dl class='gallery-item'>\n\t\t\t<dt class='gallery-icon landscape'>\n\t\t\t\t<a href='https:\/\/fundacionpuertocolombia.org\/wp-content\/uploads\/2015\/02\/DSC_4808-e1423608027363.jpg'><img loading=\"lazy\" decoding=\"async\" width=\"300\" height=\"199\" src=\"https:\/\/fundacionpuertocolombia.org\/wp-content\/uploads\/2015\/02\/DSC_4808-300x199.jpg\" class=\"attachment-medium size-medium\" alt=\"\" srcset=\"https:\/\/fundacionpuertocolombia.org\/wp-content\/uploads\/2015\/02\/DSC_4808-300x199.jpg 300w, https:\/\/fundacionpuertocolombia.org\/wp-content\/uploads\/2015\/02\/DSC_4808-1024x678.jpg 1024w, https:\/\/fundacionpuertocolombia.org\/wp-content\/uploads\/2015\/02\/DSC_4808-226x150.jpg 226w, https:\/\/fundacionpuertocolombia.org\/wp-content\/uploads\/2015\/02\/DSC_4808-150x99.jpg 150w, https:\/\/fundacionpuertocolombia.org\/wp-content\/uploads\/2015\/02\/DSC_4808-e1423608027363.jpg 999w\" sizes=\"(max-width: 300px) 100vw, 300px\" \/><\/a>\n\t\t\t<\/dt><\/dl><dl class='gallery-item'>\n\t\t\t<dt class='gallery-icon landscape'>\n\t\t\t\t<a href='https:\/\/fundacionpuertocolombia.org\/wp-content\/uploads\/2015\/02\/DSC_4826-e1423608039755.jpg'><img loading=\"lazy\" decoding=\"async\" width=\"300\" height=\"199\" src=\"https:\/\/fundacionpuertocolombia.org\/wp-content\/uploads\/2015\/02\/DSC_4826-300x199.jpg\" class=\"attachment-medium size-medium\" alt=\"\" srcset=\"https:\/\/fundacionpuertocolombia.org\/wp-content\/uploads\/2015\/02\/DSC_4826-300x199.jpg 300w, https:\/\/fundacionpuertocolombia.org\/wp-content\/uploads\/2015\/02\/DSC_4826-1024x678.jpg 1024w, https:\/\/fundacionpuertocolombia.org\/wp-content\/uploads\/2015\/02\/DSC_4826-226x150.jpg 226w, https:\/\/fundacionpuertocolombia.org\/wp-content\/uploads\/2015\/02\/DSC_4826-150x99.jpg 150w, https:\/\/fundacionpuertocolombia.org\/wp-content\/uploads\/2015\/02\/DSC_4826-e1423608039755.jpg 999w\" sizes=\"(max-width: 300px) 100vw, 300px\" \/><\/a>\n\t\t\t<\/dt><\/dl><dl class='gallery-item'>\n\t\t\t<dt class='gallery-icon landscape'>\n\t\t\t\t<a href='https:\/\/fundacionpuertocolombia.org\/wp-content\/uploads\/2015\/02\/DSC_4827-e1423608054305.jpg'><img loading=\"lazy\" decoding=\"async\" width=\"300\" height=\"199\" src=\"https:\/\/fundacionpuertocolombia.org\/wp-content\/uploads\/2015\/02\/DSC_4827-300x199.jpg\" class=\"attachment-medium size-medium\" alt=\"\" srcset=\"https:\/\/fundacionpuertocolombia.org\/wp-content\/uploads\/2015\/02\/DSC_4827-300x199.jpg 300w, https:\/\/fundacionpuertocolombia.org\/wp-content\/uploads\/2015\/02\/DSC_4827-1024x678.jpg 1024w, https:\/\/fundacionpuertocolombia.org\/wp-content\/uploads\/2015\/02\/DSC_4827-226x150.jpg 226w, https:\/\/fundacionpuertocolombia.org\/wp-content\/uploads\/2015\/02\/DSC_4827-150x99.jpg 150w, https:\/\/fundacionpuertocolombia.org\/wp-content\/uploads\/2015\/02\/DSC_4827-e1423608054305.jpg 999w\" sizes=\"(max-width: 300px) 100vw, 300px\" \/><\/a>\n\t\t\t<\/dt><\/dl><br style=\"clear: both\" \/><dl class='gallery-item'>\n\t\t\t<dt class='gallery-icon landscape'>\n\t\t\t\t<a href='https:\/\/fundacionpuertocolombia.org\/wp-content\/uploads\/2015\/02\/DSC_4825-e1423608073278.jpg'><img loading=\"lazy\" decoding=\"async\" width=\"300\" height=\"199\" src=\"https:\/\/fundacionpuertocolombia.org\/wp-content\/uploads\/2015\/02\/DSC_4825-300x199.jpg\" class=\"attachment-medium size-medium\" alt=\"\" srcset=\"https:\/\/fundacionpuertocolombia.org\/wp-content\/uploads\/2015\/02\/DSC_4825-300x199.jpg 300w, https:\/\/fundacionpuertocolombia.org\/wp-content\/uploads\/2015\/02\/DSC_4825-1024x678.jpg 1024w, https:\/\/fundacionpuertocolombia.org\/wp-content\/uploads\/2015\/02\/DSC_4825-226x150.jpg 226w, https:\/\/fundacionpuertocolombia.org\/wp-content\/uploads\/2015\/02\/DSC_4825-150x99.jpg 150w, https:\/\/fundacionpuertocolombia.org\/wp-content\/uploads\/2015\/02\/DSC_4825-e1423608073278.jpg 999w\" sizes=\"(max-width: 300px) 100vw, 300px\" \/><\/a>\n\t\t\t<\/dt><\/dl><dl class='gallery-item'>\n\t\t\t<dt class='gallery-icon landscape'>\n\t\t\t\t<a href='https:\/\/fundacionpuertocolombia.org\/wp-content\/uploads\/2015\/02\/DSC_4824-e1423608088794.jpg'><img loading=\"lazy\" decoding=\"async\" width=\"300\" height=\"199\" src=\"https:\/\/fundacionpuertocolombia.org\/wp-content\/uploads\/2015\/02\/DSC_4824-300x199.jpg\" class=\"attachment-medium size-medium\" alt=\"\" srcset=\"https:\/\/fundacionpuertocolombia.org\/wp-content\/uploads\/2015\/02\/DSC_4824-300x199.jpg 300w, https:\/\/fundacionpuertocolombia.org\/wp-content\/uploads\/2015\/02\/DSC_4824-1024x678.jpg 1024w, https:\/\/fundacionpuertocolombia.org\/wp-content\/uploads\/2015\/02\/DSC_4824-226x150.jpg 226w, https:\/\/fundacionpuertocolombia.org\/wp-content\/uploads\/2015\/02\/DSC_4824-150x99.jpg 150w, https:\/\/fundacionpuertocolombia.org\/wp-content\/uploads\/2015\/02\/DSC_4824-e1423608088794.jpg 999w\" sizes=\"(max-width: 300px) 100vw, 300px\" \/><\/a>\n\t\t\t<\/dt><\/dl><dl class='gallery-item'>\n\t\t\t<dt class='gallery-icon landscape'>\n\t\t\t\t<a href='https:\/\/fundacionpuertocolombia.org\/wp-content\/uploads\/2015\/02\/DSC_4843-e1423608100171.jpg'><img loading=\"lazy\" decoding=\"async\" width=\"300\" height=\"199\" src=\"https:\/\/fundacionpuertocolombia.org\/wp-content\/uploads\/2015\/02\/DSC_4843-300x199.jpg\" class=\"attachment-medium size-medium\" alt=\"\" srcset=\"https:\/\/fundacionpuertocolombia.org\/wp-content\/uploads\/2015\/02\/DSC_4843-300x199.jpg 300w, https:\/\/fundacionpuertocolombia.org\/wp-content\/uploads\/2015\/02\/DSC_4843-1024x678.jpg 1024w, https:\/\/fundacionpuertocolombia.org\/wp-content\/uploads\/2015\/02\/DSC_4843-226x150.jpg 226w, https:\/\/fundacionpuertocolombia.org\/wp-content\/uploads\/2015\/02\/DSC_4843-150x99.jpg 150w, https:\/\/fundacionpuertocolombia.org\/wp-content\/uploads\/2015\/02\/DSC_4843-e1423608100171.jpg 999w\" sizes=\"(max-width: 300px) 100vw, 300px\" \/><\/a>\n\t\t\t<\/dt><\/dl><dl class='gallery-item'>\n\t\t\t<dt class='gallery-icon landscape'>\n\t\t\t\t<a href='https:\/\/fundacionpuertocolombia.org\/wp-content\/uploads\/2015\/02\/DSC_4838-e1423608114556.jpg'><img loading=\"lazy\" decoding=\"async\" width=\"300\" height=\"199\" src=\"https:\/\/fundacionpuertocolombia.org\/wp-content\/uploads\/2015\/02\/DSC_4838-300x199.jpg\" class=\"attachment-medium size-medium\" alt=\"\" srcset=\"https:\/\/fundacionpuertocolombia.org\/wp-content\/uploads\/2015\/02\/DSC_4838-300x199.jpg 300w, https:\/\/fundacionpuertocolombia.org\/wp-content\/uploads\/2015\/02\/DSC_4838-1024x678.jpg 1024w, https:\/\/fundacionpuertocolombia.org\/wp-content\/uploads\/2015\/02\/DSC_4838-226x150.jpg 226w, https:\/\/fundacionpuertocolombia.org\/wp-content\/uploads\/2015\/02\/DSC_4838-150x99.jpg 150w, https:\/\/fundacionpuertocolombia.org\/wp-content\/uploads\/2015\/02\/DSC_4838-e1423608114556.jpg 999w\" sizes=\"(max-width: 300px) 100vw, 300px\" \/><\/a>\n\t\t\t<\/dt><\/dl><dl class='gallery-item'>\n\t\t\t<dt class='gallery-icon portrait'>\n\t\t\t\t<a href='https:\/\/fundacionpuertocolombia.org\/wp-content\/uploads\/2015\/02\/DSC_4837-e1423608146150.jpg'><img loading=\"lazy\" decoding=\"async\" width=\"199\" height=\"300\" src=\"https:\/\/fundacionpuertocolombia.org\/wp-content\/uploads\/2015\/02\/DSC_4837-e1423608146150-199x300.jpg\" class=\"attachment-medium size-medium\" alt=\"\" srcset=\"https:\/\/fundacionpuertocolombia.org\/wp-content\/uploads\/2015\/02\/DSC_4837-e1423608146150-199x300.jpg 199w, https:\/\/fundacionpuertocolombia.org\/wp-content\/uploads\/2015\/02\/DSC_4837-e1423608146150-99x150.jpg 99w, https:\/\/fundacionpuertocolombia.org\/wp-content\/uploads\/2015\/02\/DSC_4837-e1423608146150.jpg 662w\" sizes=\"(max-width: 199px) 100vw, 199px\" \/><\/a>\n\t\t\t<\/dt><\/dl><br style=\"clear: both\" \/><dl class='gallery-item'>\n\t\t\t<dt class='gallery-icon landscape'>\n\t\t\t\t<a href='https:\/\/fundacionpuertocolombia.org\/wp-content\/uploads\/2015\/02\/DSC_4833-e1423608161516.jpg'><img loading=\"lazy\" decoding=\"async\" width=\"300\" height=\"199\" src=\"https:\/\/fundacionpuertocolombia.org\/wp-content\/uploads\/2015\/02\/DSC_4833-300x199.jpg\" class=\"attachment-medium size-medium\" alt=\"\" srcset=\"https:\/\/fundacionpuertocolombia.org\/wp-content\/uploads\/2015\/02\/DSC_4833-300x199.jpg 300w, https:\/\/fundacionpuertocolombia.org\/wp-content\/uploads\/2015\/02\/DSC_4833-1024x678.jpg 1024w, https:\/\/fundacionpuertocolombia.org\/wp-content\/uploads\/2015\/02\/DSC_4833-226x150.jpg 226w, https:\/\/fundacionpuertocolombia.org\/wp-content\/uploads\/2015\/02\/DSC_4833-150x99.jpg 150w, https:\/\/fundacionpuertocolombia.org\/wp-content\/uploads\/2015\/02\/DSC_4833-e1423608161516.jpg 999w\" sizes=\"(max-width: 300px) 100vw, 300px\" \/><\/a>\n\t\t\t<\/dt><\/dl><dl class='gallery-item'>\n\t\t\t<dt class='gallery-icon portrait'>\n\t\t\t\t<a href='https:\/\/fundacionpuertocolombia.org\/wp-content\/uploads\/2015\/02\/DSC_4847-e1423608180774.jpg'><img loading=\"lazy\" decoding=\"async\" width=\"199\" height=\"300\" src=\"https:\/\/fundacionpuertocolombia.org\/wp-content\/uploads\/2015\/02\/DSC_4847-e1423608180774-199x300.jpg\" class=\"attachment-medium size-medium\" alt=\"\" srcset=\"https:\/\/fundacionpuertocolombia.org\/wp-content\/uploads\/2015\/02\/DSC_4847-e1423608180774-199x300.jpg 199w, https:\/\/fundacionpuertocolombia.org\/wp-content\/uploads\/2015\/02\/DSC_4847-e1423608180774-99x150.jpg 99w, https:\/\/fundacionpuertocolombia.org\/wp-content\/uploads\/2015\/02\/DSC_4847-e1423608180774.jpg 662w\" sizes=\"(max-width: 199px) 100vw, 199px\" \/><\/a>\n\t\t\t<\/dt><\/dl><dl class='gallery-item'>\n\t\t\t<dt class='gallery-icon landscape'>\n\t\t\t\t<a href='https:\/\/fundacionpuertocolombia.org\/wp-content\/uploads\/2015\/02\/DSC_4848-e1423608193626.jpg'><img loading=\"lazy\" decoding=\"async\" width=\"300\" height=\"199\" src=\"https:\/\/fundacionpuertocolombia.org\/wp-content\/uploads\/2015\/02\/DSC_4848-300x199.jpg\" class=\"attachment-medium size-medium\" alt=\"\" srcset=\"https:\/\/fundacionpuertocolombia.org\/wp-content\/uploads\/2015\/02\/DSC_4848-300x199.jpg 300w, https:\/\/fundacionpuertocolombia.org\/wp-content\/uploads\/2015\/02\/DSC_4848-1024x678.jpg 1024w, https:\/\/fundacionpuertocolombia.org\/wp-content\/uploads\/2015\/02\/DSC_4848-226x150.jpg 226w, https:\/\/fundacionpuertocolombia.org\/wp-content\/uploads\/2015\/02\/DSC_4848-150x99.jpg 150w, https:\/\/fundacionpuertocolombia.org\/wp-content\/uploads\/2015\/02\/DSC_4848-e1423608193626.jpg 999w\" sizes=\"(max-width: 300px) 100vw, 300px\" \/><\/a>\n\t\t\t<\/dt><\/dl><dl class='gallery-item'>\n\t\t\t<dt class='gallery-icon portrait'>\n\t\t\t\t<a href='https:\/\/fundacionpuertocolombia.org\/wp-content\/uploads\/2015\/02\/DSC_4867-e1423608216919.jpg'><img loading=\"lazy\" decoding=\"async\" width=\"199\" height=\"300\" src=\"https:\/\/fundacionpuertocolombia.org\/wp-content\/uploads\/2015\/02\/DSC_4867-e1423608216919-199x300.jpg\" class=\"attachment-medium size-medium\" alt=\"\" srcset=\"https:\/\/fundacionpuertocolombia.org\/wp-content\/uploads\/2015\/02\/DSC_4867-e1423608216919-199x300.jpg 199w, https:\/\/fundacionpuertocolombia.org\/wp-content\/uploads\/2015\/02\/DSC_4867-e1423608216919-99x150.jpg 99w, https:\/\/fundacionpuertocolombia.org\/wp-content\/uploads\/2015\/02\/DSC_4867-e1423608216919.jpg 662w\" sizes=\"(max-width: 199px) 100vw, 199px\" \/><\/a>\n\t\t\t<\/dt><\/dl><dl class='gallery-item'>\n\t\t\t<dt class='gallery-icon landscape'>\n\t\t\t\t<a href='https:\/\/fundacionpuertocolombia.org\/wp-content\/uploads\/2015\/02\/DSC_4852-e1423608229297.jpg'><img loading=\"lazy\" decoding=\"async\" width=\"300\" height=\"199\" src=\"https:\/\/fundacionpuertocolombia.org\/wp-content\/uploads\/2015\/02\/DSC_4852-300x199.jpg\" class=\"attachment-medium size-medium\" alt=\"\" srcset=\"https:\/\/fundacionpuertocolombia.org\/wp-content\/uploads\/2015\/02\/DSC_4852-300x199.jpg 300w, https:\/\/fundacionpuertocolombia.org\/wp-content\/uploads\/2015\/02\/DSC_4852-1024x678.jpg 1024w, https:\/\/fundacionpuertocolombia.org\/wp-content\/uploads\/2015\/02\/DSC_4852-226x150.jpg 226w, https:\/\/fundacionpuertocolombia.org\/wp-content\/uploads\/2015\/02\/DSC_4852-150x99.jpg 150w, https:\/\/fundacionpuertocolombia.org\/wp-content\/uploads\/2015\/02\/DSC_4852-e1423608229297.jpg 999w\" sizes=\"(max-width: 300px) 100vw, 300px\" \/><\/a>\n\t\t\t<\/dt><\/dl><br style=\"clear: both\" \/><dl class='gallery-item'>\n\t\t\t<dt class='gallery-icon landscape'>\n\t\t\t\t<a href='https:\/\/fundacionpuertocolombia.org\/wp-content\/uploads\/2015\/02\/DSC_4820-e1423608246417.jpg'><img loading=\"lazy\" decoding=\"async\" width=\"300\" height=\"199\" src=\"https:\/\/fundacionpuertocolombia.org\/wp-content\/uploads\/2015\/02\/DSC_4820-300x199.jpg\" class=\"attachment-medium size-medium\" alt=\"\" srcset=\"https:\/\/fundacionpuertocolombia.org\/wp-content\/uploads\/2015\/02\/DSC_4820-300x199.jpg 300w, https:\/\/fundacionpuertocolombia.org\/wp-content\/uploads\/2015\/02\/DSC_4820-1024x678.jpg 1024w, https:\/\/fundacionpuertocolombia.org\/wp-content\/uploads\/2015\/02\/DSC_4820-226x150.jpg 226w, https:\/\/fundacionpuertocolombia.org\/wp-content\/uploads\/2015\/02\/DSC_4820-150x99.jpg 150w, https:\/\/fundacionpuertocolombia.org\/wp-content\/uploads\/2015\/02\/DSC_4820-e1423608246417.jpg 999w\" sizes=\"(max-width: 300px) 100vw, 300px\" \/><\/a>\n\t\t\t<\/dt><\/dl><dl class='gallery-item'>\n\t\t\t<dt class='gallery-icon landscape'>\n\t\t\t\t<a href='https:\/\/fundacionpuertocolombia.org\/wp-content\/uploads\/2015\/02\/DSC_4814.jpg'><img loading=\"lazy\" decoding=\"async\" width=\"300\" height=\"199\" src=\"https:\/\/fundacionpuertocolombia.org\/wp-content\/uploads\/2015\/02\/DSC_4814-300x199.jpg\" class=\"attachment-medium size-medium\" alt=\"\" srcset=\"https:\/\/fundacionpuertocolombia.org\/wp-content\/uploads\/2015\/02\/DSC_4814-300x199.jpg 300w, https:\/\/fundacionpuertocolombia.org\/wp-content\/uploads\/2015\/02\/DSC_4814-1024x678.jpg 1024w, https:\/\/fundacionpuertocolombia.org\/wp-content\/uploads\/2015\/02\/DSC_4814-226x150.jpg 226w, https:\/\/fundacionpuertocolombia.org\/wp-content\/uploads\/2015\/02\/DSC_4814-150x99.jpg 150w\" sizes=\"(max-width: 300px) 100vw, 300px\" \/><\/a>\n\t\t\t<\/dt><\/dl><dl class='gallery-item'>\n\t\t\t<dt class='gallery-icon landscape'>\n\t\t\t\t<a href='https:\/\/fundacionpuertocolombia.org\/wp-content\/uploads\/2015\/02\/DSC_4816-e1423608279547.jpg'><img loading=\"lazy\" decoding=\"async\" width=\"300\" height=\"199\" src=\"https:\/\/fundacionpuertocolombia.org\/wp-content\/uploads\/2015\/02\/DSC_4816-300x199.jpg\" class=\"attachment-medium size-medium\" alt=\"\" srcset=\"https:\/\/fundacionpuertocolombia.org\/wp-content\/uploads\/2015\/02\/DSC_4816-300x199.jpg 300w, https:\/\/fundacionpuertocolombia.org\/wp-content\/uploads\/2015\/02\/DSC_4816-1024x678.jpg 1024w, https:\/\/fundacionpuertocolombia.org\/wp-content\/uploads\/2015\/02\/DSC_4816-226x150.jpg 226w, https:\/\/fundacionpuertocolombia.org\/wp-content\/uploads\/2015\/02\/DSC_4816-150x99.jpg 150w, https:\/\/fundacionpuertocolombia.org\/wp-content\/uploads\/2015\/02\/DSC_4816-e1423608279547.jpg 999w\" sizes=\"(max-width: 300px) 100vw, 300px\" \/><\/a>\n\t\t\t<\/dt><\/dl><dl class='gallery-item'>\n\t\t\t<dt class='gallery-icon landscape'>\n\t\t\t\t<a href='https:\/\/fundacionpuertocolombia.org\/wp-content\/uploads\/2015\/02\/DSC_4817-e1423608302370.jpg'><img loading=\"lazy\" decoding=\"async\" width=\"300\" height=\"199\" src=\"https:\/\/fundacionpuertocolombia.org\/wp-content\/uploads\/2015\/02\/DSC_4817-300x199.jpg\" class=\"attachment-medium size-medium\" alt=\"\" srcset=\"https:\/\/fundacionpuertocolombia.org\/wp-content\/uploads\/2015\/02\/DSC_4817-300x199.jpg 300w, https:\/\/fundacionpuertocolombia.org\/wp-content\/uploads\/2015\/02\/DSC_4817-1024x678.jpg 1024w, https:\/\/fundacionpuertocolombia.org\/wp-content\/uploads\/2015\/02\/DSC_4817-226x150.jpg 226w, https:\/\/fundacionpuertocolombia.org\/wp-content\/uploads\/2015\/02\/DSC_4817-150x99.jpg 150w, https:\/\/fundacionpuertocolombia.org\/wp-content\/uploads\/2015\/02\/DSC_4817-e1423608302370.jpg 999w\" sizes=\"(max-width: 300px) 100vw, 300px\" \/><\/a>\n\t\t\t<\/dt><\/dl><dl class='gallery-item'>\n\t\t\t<dt class='gallery-icon landscape'>\n\t\t\t\t<a href='https:\/\/fundacionpuertocolombia.org\/wp-content\/uploads\/2015\/02\/DSC_4903-e1423608318712.jpg'><img loading=\"lazy\" decoding=\"async\" width=\"300\" height=\"199\" src=\"https:\/\/fundacionpuertocolombia.org\/wp-content\/uploads\/2015\/02\/DSC_4903-300x199.jpg\" class=\"attachment-medium size-medium\" alt=\"\" srcset=\"https:\/\/fundacionpuertocolombia.org\/wp-content\/uploads\/2015\/02\/DSC_4903-300x199.jpg 300w, https:\/\/fundacionpuertocolombia.org\/wp-content\/uploads\/2015\/02\/DSC_4903-1024x678.jpg 1024w, https:\/\/fundacionpuertocolombia.org\/wp-content\/uploads\/2015\/02\/DSC_4903-226x150.jpg 226w, https:\/\/fundacionpuertocolombia.org\/wp-content\/uploads\/2015\/02\/DSC_4903-150x99.jpg 150w, https:\/\/fundacionpuertocolombia.org\/wp-content\/uploads\/2015\/02\/DSC_4903-e1423608318712.jpg 999w\" sizes=\"(max-width: 300px) 100vw, 300px\" \/><\/a>\n\t\t\t<\/dt><\/dl><br style=\"clear: both\" \/><dl class='gallery-item'>\n\t\t\t<dt class='gallery-icon landscape'>\n\t\t\t\t<a href='https:\/\/fundacionpuertocolombia.org\/wp-content\/uploads\/2015\/02\/DSC_4902-e1423608334265.jpg'><img loading=\"lazy\" decoding=\"async\" width=\"300\" height=\"199\" src=\"https:\/\/fundacionpuertocolombia.org\/wp-content\/uploads\/2015\/02\/DSC_4902-300x199.jpg\" class=\"attachment-medium size-medium\" alt=\"\" srcset=\"https:\/\/fundacionpuertocolombia.org\/wp-content\/uploads\/2015\/02\/DSC_4902-300x199.jpg 300w, https:\/\/fundacionpuertocolombia.org\/wp-content\/uploads\/2015\/02\/DSC_4902-1024x678.jpg 1024w, https:\/\/fundacionpuertocolombia.org\/wp-content\/uploads\/2015\/02\/DSC_4902-226x150.jpg 226w, https:\/\/fundacionpuertocolombia.org\/wp-content\/uploads\/2015\/02\/DSC_4902-150x99.jpg 150w, https:\/\/fundacionpuertocolombia.org\/wp-content\/uploads\/2015\/02\/DSC_4902-e1423608334265.jpg 999w\" sizes=\"(max-width: 300px) 100vw, 300px\" \/><\/a>\n\t\t\t<\/dt><\/dl><dl class='gallery-item'>\n\t\t\t<dt class='gallery-icon landscape'>\n\t\t\t\t<a href='https:\/\/fundacionpuertocolombia.org\/wp-content\/uploads\/2015\/02\/DSC_4909-e1423608348645.jpg'><img loading=\"lazy\" decoding=\"async\" width=\"300\" height=\"199\" src=\"https:\/\/fundacionpuertocolombia.org\/wp-content\/uploads\/2015\/02\/DSC_4909-300x199.jpg\" class=\"attachment-medium size-medium\" alt=\"\" srcset=\"https:\/\/fundacionpuertocolombia.org\/wp-content\/uploads\/2015\/02\/DSC_4909-300x199.jpg 300w, https:\/\/fundacionpuertocolombia.org\/wp-content\/uploads\/2015\/02\/DSC_4909-1024x678.jpg 1024w, https:\/\/fundacionpuertocolombia.org\/wp-content\/uploads\/2015\/02\/DSC_4909-226x150.jpg 226w, https:\/\/fundacionpuertocolombia.org\/wp-content\/uploads\/2015\/02\/DSC_4909-150x99.jpg 150w, https:\/\/fundacionpuertocolombia.org\/wp-content\/uploads\/2015\/02\/DSC_4909-e1423608348645.jpg 999w\" sizes=\"(max-width: 300px) 100vw, 300px\" \/><\/a>\n\t\t\t<\/dt><\/dl><dl class='gallery-item'>\n\t\t\t<dt class='gallery-icon landscape'>\n\t\t\t\t<a href='https:\/\/fundacionpuertocolombia.org\/wp-content\/uploads\/2015\/02\/DSC_4910-e1423608362533.jpg'><img loading=\"lazy\" decoding=\"async\" width=\"300\" height=\"199\" src=\"https:\/\/fundacionpuertocolombia.org\/wp-content\/uploads\/2015\/02\/DSC_4910-300x199.jpg\" class=\"attachment-medium size-medium\" alt=\"\" srcset=\"https:\/\/fundacionpuertocolombia.org\/wp-content\/uploads\/2015\/02\/DSC_4910-300x199.jpg 300w, https:\/\/fundacionpuertocolombia.org\/wp-content\/uploads\/2015\/02\/DSC_4910-1024x678.jpg 1024w, https:\/\/fundacionpuertocolombia.org\/wp-content\/uploads\/2015\/02\/DSC_4910-226x150.jpg 226w, https:\/\/fundacionpuertocolombia.org\/wp-content\/uploads\/2015\/02\/DSC_4910-150x99.jpg 150w, https:\/\/fundacionpuertocolombia.org\/wp-content\/uploads\/2015\/02\/DSC_4910-e1423608362533.jpg 999w\" sizes=\"(max-width: 300px) 100vw, 300px\" \/><\/a>\n\t\t\t<\/dt><\/dl><dl class='gallery-item'>\n\t\t\t<dt class='gallery-icon landscape'>\n\t\t\t\t<a href='https:\/\/fundacionpuertocolombia.org\/wp-content\/uploads\/2015\/02\/DSC_4884-e1423608375786.jpg'><img loading=\"lazy\" decoding=\"async\" width=\"300\" height=\"199\" src=\"https:\/\/fundacionpuertocolombia.org\/wp-content\/uploads\/2015\/02\/DSC_4884-300x199.jpg\" class=\"attachment-medium size-medium\" alt=\"\" srcset=\"https:\/\/fundacionpuertocolombia.org\/wp-content\/uploads\/2015\/02\/DSC_4884-300x199.jpg 300w, https:\/\/fundacionpuertocolombia.org\/wp-content\/uploads\/2015\/02\/DSC_4884-1024x678.jpg 1024w, https:\/\/fundacionpuertocolombia.org\/wp-content\/uploads\/2015\/02\/DSC_4884-226x150.jpg 226w, https:\/\/fundacionpuertocolombia.org\/wp-content\/uploads\/2015\/02\/DSC_4884-150x99.jpg 150w, https:\/\/fundacionpuertocolombia.org\/wp-content\/uploads\/2015\/02\/DSC_4884-e1423608375786.jpg 999w\" sizes=\"(max-width: 300px) 100vw, 300px\" \/><\/a>\n\t\t\t<\/dt><\/dl><dl class='gallery-item'>\n\t\t\t<dt class='gallery-icon landscape'>\n\t\t\t\t<a href='https:\/\/fundacionpuertocolombia.org\/wp-content\/uploads\/2015\/02\/DSC_4881-e1423608388381.jpg'><img loading=\"lazy\" decoding=\"async\" width=\"300\" height=\"199\" src=\"https:\/\/fundacionpuertocolombia.org\/wp-content\/uploads\/2015\/02\/DSC_4881-300x199.jpg\" class=\"attachment-medium size-medium\" alt=\"\" srcset=\"https:\/\/fundacionpuertocolombia.org\/wp-content\/uploads\/2015\/02\/DSC_4881-300x199.jpg 300w, https:\/\/fundacionpuertocolombia.org\/wp-content\/uploads\/2015\/02\/DSC_4881-1024x678.jpg 1024w, https:\/\/fundacionpuertocolombia.org\/wp-content\/uploads\/2015\/02\/DSC_4881-226x150.jpg 226w, https:\/\/fundacionpuertocolombia.org\/wp-content\/uploads\/2015\/02\/DSC_4881-150x99.jpg 150w, https:\/\/fundacionpuertocolombia.org\/wp-content\/uploads\/2015\/02\/DSC_4881-e1423608388381.jpg 999w\" sizes=\"(max-width: 300px) 100vw, 300px\" \/><\/a>\n\t\t\t<\/dt><\/dl><br style=\"clear: both\" \/><dl class='gallery-item'>\n\t\t\t<dt class='gallery-icon landscape'>\n\t\t\t\t<a href='https:\/\/fundacionpuertocolombia.org\/wp-content\/uploads\/2015\/02\/DSC_4836-e1423608402844.jpg'><img loading=\"lazy\" decoding=\"async\" width=\"300\" height=\"199\" src=\"https:\/\/fundacionpuertocolombia.org\/wp-content\/uploads\/2015\/02\/DSC_4836-300x199.jpg\" class=\"attachment-medium size-medium\" alt=\"\" srcset=\"https:\/\/fundacionpuertocolombia.org\/wp-content\/uploads\/2015\/02\/DSC_4836-300x199.jpg 300w, https:\/\/fundacionpuertocolombia.org\/wp-content\/uploads\/2015\/02\/DSC_4836-1024x678.jpg 1024w, https:\/\/fundacionpuertocolombia.org\/wp-content\/uploads\/2015\/02\/DSC_4836-226x150.jpg 226w, https:\/\/fundacionpuertocolombia.org\/wp-content\/uploads\/2015\/02\/DSC_4836-150x99.jpg 150w, https:\/\/fundacionpuertocolombia.org\/wp-content\/uploads\/2015\/02\/DSC_4836-e1423608402844.jpg 999w\" sizes=\"(max-width: 300px) 100vw, 300px\" \/><\/a>\n\t\t\t<\/dt><\/dl><dl class='gallery-item'>\n\t\t\t<dt class='gallery-icon landscape'>\n\t\t\t\t<a href='https:\/\/fundacionpuertocolombia.org\/wp-content\/uploads\/2015\/02\/DSC_4822-e1423608414331.jpg'><img loading=\"lazy\" decoding=\"async\" width=\"300\" height=\"199\" src=\"https:\/\/fundacionpuertocolombia.org\/wp-content\/uploads\/2015\/02\/DSC_4822-300x199.jpg\" class=\"attachment-medium size-medium\" alt=\"\" srcset=\"https:\/\/fundacionpuertocolombia.org\/wp-content\/uploads\/2015\/02\/DSC_4822-300x199.jpg 300w, https:\/\/fundacionpuertocolombia.org\/wp-content\/uploads\/2015\/02\/DSC_4822-1024x678.jpg 1024w, https:\/\/fundacionpuertocolombia.org\/wp-content\/uploads\/2015\/02\/DSC_4822-226x150.jpg 226w, https:\/\/fundacionpuertocolombia.org\/wp-content\/uploads\/2015\/02\/DSC_4822-150x99.jpg 150w, https:\/\/fundacionpuertocolombia.org\/wp-content\/uploads\/2015\/02\/DSC_4822-e1423608414331.jpg 1000w\" sizes=\"(max-width: 300px) 100vw, 300px\" \/><\/a>\n\t\t\t<\/dt><\/dl><dl class='gallery-item'>\n\t\t\t<dt class='gallery-icon landscape'>\n\t\t\t\t<a href='https:\/\/fundacionpuertocolombia.org\/wp-content\/uploads\/2015\/02\/DSC_4810-e1423608432358.jpg'><img loading=\"lazy\" decoding=\"async\" width=\"300\" height=\"199\" src=\"https:\/\/fundacionpuertocolombia.org\/wp-content\/uploads\/2015\/02\/DSC_4810-300x199.jpg\" class=\"attachment-medium size-medium\" alt=\"\" srcset=\"https:\/\/fundacionpuertocolombia.org\/wp-content\/uploads\/2015\/02\/DSC_4810-300x199.jpg 300w, https:\/\/fundacionpuertocolombia.org\/wp-content\/uploads\/2015\/02\/DSC_4810-1024x678.jpg 1024w, https:\/\/fundacionpuertocolombia.org\/wp-content\/uploads\/2015\/02\/DSC_4810-226x150.jpg 226w, https:\/\/fundacionpuertocolombia.org\/wp-content\/uploads\/2015\/02\/DSC_4810-150x99.jpg 150w, https:\/\/fundacionpuertocolombia.org\/wp-content\/uploads\/2015\/02\/DSC_4810-e1423608432358.jpg 999w\" sizes=\"(max-width: 300px) 100vw, 300px\" \/><\/a>\n\t\t\t<\/dt><\/dl><dl class='gallery-item'>\n\t\t\t<dt class='gallery-icon landscape'>\n\t\t\t\t<a href='https:\/\/fundacionpuertocolombia.org\/wp-content\/uploads\/2014\/02\/Asistencia-al-Concierto-Gala-Atl\u00e1ntico-en-el-Coliseo-Puerto-Colombia.jpg'><img loading=\"lazy\" decoding=\"async\" width=\"300\" height=\"199\" src=\"https:\/\/fundacionpuertocolombia.org\/wp-content\/uploads\/2014\/02\/Asistencia-al-Concierto-Gala-Atl\u00e1ntico-en-el-Coliseo-Puerto-Colombia-300x199.jpg\" class=\"attachment-medium size-medium\" alt=\"\" srcset=\"https:\/\/fundacionpuertocolombia.org\/wp-content\/uploads\/2014\/02\/Asistencia-al-Concierto-Gala-Atl\u00e1ntico-en-el-Coliseo-Puerto-Colombia-300x199.jpg 300w, https:\/\/fundacionpuertocolombia.org\/wp-content\/uploads\/2014\/02\/Asistencia-al-Concierto-Gala-Atl\u00e1ntico-en-el-Coliseo-Puerto-Colombia-225x150.jpg 225w, https:\/\/fundacionpuertocolombia.org\/wp-content\/uploads\/2014\/02\/Asistencia-al-Concierto-Gala-Atl\u00e1ntico-en-el-Coliseo-Puerto-Colombia-150x99.jpg 150w, https:\/\/fundacionpuertocolombia.org\/wp-content\/uploads\/2014\/02\/Asistencia-al-Concierto-Gala-Atl\u00e1ntico-en-el-Coliseo-Puerto-Colombia.jpg 640w\" sizes=\"(max-width: 300px) 100vw, 300px\" \/><\/a>\n\t\t\t<\/dt><\/dl><dl class='gallery-item'>\n\t\t\t<dt class='gallery-icon landscape'>\n\t\t\t\t<a href='https:\/\/fundacionpuertocolombia.org\/wp-content\/uploads\/2015\/02\/DSC_4899-e1423608470827.jpg'><img loading=\"lazy\" decoding=\"async\" width=\"300\" height=\"199\" src=\"https:\/\/fundacionpuertocolombia.org\/wp-content\/uploads\/2015\/02\/DSC_4899-300x199.jpg\" class=\"attachment-medium size-medium\" alt=\"\" srcset=\"https:\/\/fundacionpuertocolombia.org\/wp-content\/uploads\/2015\/02\/DSC_4899-300x199.jpg 300w, https:\/\/fundacionpuertocolombia.org\/wp-content\/uploads\/2015\/02\/DSC_4899-1024x678.jpg 1024w, https:\/\/fundacionpuertocolombia.org\/wp-content\/uploads\/2015\/02\/DSC_4899-226x150.jpg 226w, https:\/\/fundacionpuertocolombia.org\/wp-content\/uploads\/2015\/02\/DSC_4899-150x99.jpg 150w, https:\/\/fundacionpuertocolombia.org\/wp-content\/uploads\/2015\/02\/DSC_4899-e1423608470827.jpg 999w\" sizes=\"(max-width: 300px) 100vw, 300px\" \/><\/a>\n\t\t\t<\/dt><\/dl><br style=\"clear: both\" \/><dl class='gallery-item'>\n\t\t\t<dt class='gallery-icon landscape'>\n\t\t\t\t<a href='https:\/\/fundacionpuertocolombia.org\/wp-content\/uploads\/2015\/02\/DSC_4890-e1423608485315.jpg'><img loading=\"lazy\" decoding=\"async\" width=\"300\" height=\"199\" src=\"https:\/\/fundacionpuertocolombia.org\/wp-content\/uploads\/2015\/02\/DSC_4890-300x199.jpg\" class=\"attachment-medium size-medium\" alt=\"\" srcset=\"https:\/\/fundacionpuertocolombia.org\/wp-content\/uploads\/2015\/02\/DSC_4890-300x199.jpg 300w, https:\/\/fundacionpuertocolombia.org\/wp-content\/uploads\/2015\/02\/DSC_4890-1024x678.jpg 1024w, https:\/\/fundacionpuertocolombia.org\/wp-content\/uploads\/2015\/02\/DSC_4890-226x150.jpg 226w, https:\/\/fundacionpuertocolombia.org\/wp-content\/uploads\/2015\/02\/DSC_4890-150x99.jpg 150w, https:\/\/fundacionpuertocolombia.org\/wp-content\/uploads\/2015\/02\/DSC_4890-e1423608485315.jpg 999w\" sizes=\"(max-width: 300px) 100vw, 300px\" \/><\/a>\n\t\t\t<\/dt><\/dl><dl class='gallery-item'>\n\t\t\t<dt class='gallery-icon landscape'>\n\t\t\t\t<a href='https:\/\/fundacionpuertocolombia.org\/wp-content\/uploads\/2015\/02\/DSC_4886-e1423608499225.jpg'><img loading=\"lazy\" decoding=\"async\" width=\"300\" height=\"199\" src=\"https:\/\/fundacionpuertocolombia.org\/wp-content\/uploads\/2015\/02\/DSC_4886-300x199.jpg\" class=\"attachment-medium size-medium\" alt=\"\" srcset=\"https:\/\/fundacionpuertocolombia.org\/wp-content\/uploads\/2015\/02\/DSC_4886-300x199.jpg 300w, https:\/\/fundacionpuertocolombia.org\/wp-content\/uploads\/2015\/02\/DSC_4886-1024x678.jpg 1024w, https:\/\/fundacionpuertocolombia.org\/wp-content\/uploads\/2015\/02\/DSC_4886-226x150.jpg 226w, https:\/\/fundacionpuertocolombia.org\/wp-content\/uploads\/2015\/02\/DSC_4886-150x99.jpg 150w, https:\/\/fundacionpuertocolombia.org\/wp-content\/uploads\/2015\/02\/DSC_4886-e1423608499225.jpg 999w\" sizes=\"(max-width: 300px) 100vw, 300px\" \/><\/a>\n\t\t\t<\/dt><\/dl><dl class='gallery-item'>\n\t\t\t<dt class='gallery-icon landscape'>\n\t\t\t\t<a href='https:\/\/fundacionpuertocolombia.org\/wp-content\/uploads\/2015\/02\/DSC_4885-e1423608546348.jpg'><img loading=\"lazy\" decoding=\"async\" width=\"300\" height=\"199\" src=\"https:\/\/fundacionpuertocolombia.org\/wp-content\/uploads\/2015\/02\/DSC_4885-300x199.jpg\" class=\"attachment-medium size-medium\" alt=\"\" srcset=\"https:\/\/fundacionpuertocolombia.org\/wp-content\/uploads\/2015\/02\/DSC_4885-300x199.jpg 300w, https:\/\/fundacionpuertocolombia.org\/wp-content\/uploads\/2015\/02\/DSC_4885-1024x678.jpg 1024w, https:\/\/fundacionpuertocolombia.org\/wp-content\/uploads\/2015\/02\/DSC_4885-226x150.jpg 226w, https:\/\/fundacionpuertocolombia.org\/wp-content\/uploads\/2015\/02\/DSC_4885-150x99.jpg 150w, https:\/\/fundacionpuertocolombia.org\/wp-content\/uploads\/2015\/02\/DSC_4885-e1423608546348.jpg 999w\" sizes=\"(max-width: 300px) 100vw, 300px\" \/><\/a>\n\t\t\t<\/dt><\/dl><dl class='gallery-item'>\n\t\t\t<dt class='gallery-icon landscape'>\n\t\t\t\t<a href='https:\/\/fundacionpuertocolombia.org\/wp-content\/uploads\/2015\/02\/DSC_4900-e1423608582227.jpg'><img loading=\"lazy\" decoding=\"async\" width=\"300\" height=\"199\" src=\"https:\/\/fundacionpuertocolombia.org\/wp-content\/uploads\/2015\/02\/DSC_4900-300x199.jpg\" class=\"attachment-medium size-medium\" alt=\"\" srcset=\"https:\/\/fundacionpuertocolombia.org\/wp-content\/uploads\/2015\/02\/DSC_4900-300x199.jpg 300w, https:\/\/fundacionpuertocolombia.org\/wp-content\/uploads\/2015\/02\/DSC_4900-1024x678.jpg 1024w, https:\/\/fundacionpuertocolombia.org\/wp-content\/uploads\/2015\/02\/DSC_4900-226x150.jpg 226w, https:\/\/fundacionpuertocolombia.org\/wp-content\/uploads\/2015\/02\/DSC_4900-150x99.jpg 150w, https:\/\/fundacionpuertocolombia.org\/wp-content\/uploads\/2015\/02\/DSC_4900-e1423608582227.jpg 999w\" sizes=\"(max-width: 300px) 100vw, 300px\" \/><\/a>\n\t\t\t<\/dt><\/dl><dl class='gallery-item'>\n\t\t\t<dt class='gallery-icon landscape'>\n\t\t\t\t<a href='https:\/\/fundacionpuertocolombia.org\/wp-content\/uploads\/2015\/02\/DSC_4897-e1423608600143.jpg'><img loading=\"lazy\" decoding=\"async\" width=\"300\" height=\"199\" src=\"https:\/\/fundacionpuertocolombia.org\/wp-content\/uploads\/2015\/02\/DSC_4897-300x199.jpg\" class=\"attachment-medium size-medium\" alt=\"\" srcset=\"https:\/\/fundacionpuertocolombia.org\/wp-content\/uploads\/2015\/02\/DSC_4897-300x199.jpg 300w, https:\/\/fundacionpuertocolombia.org\/wp-content\/uploads\/2015\/02\/DSC_4897-1024x678.jpg 1024w, https:\/\/fundacionpuertocolombia.org\/wp-content\/uploads\/2015\/02\/DSC_4897-226x150.jpg 226w, https:\/\/fundacionpuertocolombia.org\/wp-content\/uploads\/2015\/02\/DSC_4897-150x99.jpg 150w, https:\/\/fundacionpuertocolombia.org\/wp-content\/uploads\/2015\/02\/DSC_4897-e1423608600143.jpg 999w\" sizes=\"(max-width: 300px) 100vw, 300px\" \/><\/a>\n\t\t\t<\/dt><\/dl><br style=\"clear: both\" \/><dl class='gallery-item'>\n\t\t\t<dt class='gallery-icon landscape'>\n\t\t\t\t<a href='https:\/\/fundacionpuertocolombia.org\/wp-content\/uploads\/2015\/02\/DSC_4895-e1423608615370.jpg'><img loading=\"lazy\" decoding=\"async\" width=\"300\" height=\"199\" src=\"https:\/\/fundacionpuertocolombia.org\/wp-content\/uploads\/2015\/02\/DSC_4895-300x199.jpg\" class=\"attachment-medium size-medium\" alt=\"\" srcset=\"https:\/\/fundacionpuertocolombia.org\/wp-content\/uploads\/2015\/02\/DSC_4895-300x199.jpg 300w, https:\/\/fundacionpuertocolombia.org\/wp-content\/uploads\/2015\/02\/DSC_4895-1024x678.jpg 1024w, https:\/\/fundacionpuertocolombia.org\/wp-content\/uploads\/2015\/02\/DSC_4895-226x150.jpg 226w, https:\/\/fundacionpuertocolombia.org\/wp-content\/uploads\/2015\/02\/DSC_4895-150x99.jpg 150w, https:\/\/fundacionpuertocolombia.org\/wp-content\/uploads\/2015\/02\/DSC_4895-e1423608615370.jpg 999w\" sizes=\"(max-width: 300px) 100vw, 300px\" \/><\/a>\n\t\t\t<\/dt><\/dl><dl class='gallery-item'>\n\t\t\t<dt class='gallery-icon landscape'>\n\t\t\t\t<a href='https:\/\/fundacionpuertocolombia.org\/wp-content\/uploads\/2015\/02\/DSC_4893-e1423608629754.jpg'><img loading=\"lazy\" decoding=\"async\" width=\"300\" height=\"199\" src=\"https:\/\/fundacionpuertocolombia.org\/wp-content\/uploads\/2015\/02\/DSC_4893-300x199.jpg\" class=\"attachment-medium size-medium\" alt=\"\" srcset=\"https:\/\/fundacionpuertocolombia.org\/wp-content\/uploads\/2015\/02\/DSC_4893-300x199.jpg 300w, https:\/\/fundacionpuertocolombia.org\/wp-content\/uploads\/2015\/02\/DSC_4893-1024x678.jpg 1024w, https:\/\/fundacionpuertocolombia.org\/wp-content\/uploads\/2015\/02\/DSC_4893-226x150.jpg 226w, https:\/\/fundacionpuertocolombia.org\/wp-content\/uploads\/2015\/02\/DSC_4893-150x99.jpg 150w, https:\/\/fundacionpuertocolombia.org\/wp-content\/uploads\/2015\/02\/DSC_4893-e1423608629754.jpg 999w\" sizes=\"(max-width: 300px) 100vw, 300px\" \/><\/a>\n\t\t\t<\/dt><\/dl><dl class='gallery-item'>\n\t\t\t<dt class='gallery-icon landscape'>\n\t\t\t\t<a href='https:\/\/fundacionpuertocolombia.org\/wp-content\/uploads\/2015\/02\/Festival-Internacional-de-Coros-2013-e1423608644918.jpg'><img loading=\"lazy\" decoding=\"async\" width=\"300\" height=\"199\" src=\"https:\/\/fundacionpuertocolombia.org\/wp-content\/uploads\/2015\/02\/Festival-Internacional-de-Coros-2013-300x199.jpg\" class=\"attachment-medium size-medium\" alt=\"\" srcset=\"https:\/\/fundacionpuertocolombia.org\/wp-content\/uploads\/2015\/02\/Festival-Internacional-de-Coros-2013-300x199.jpg 300w, https:\/\/fundacionpuertocolombia.org\/wp-content\/uploads\/2015\/02\/Festival-Internacional-de-Coros-2013-1024x678.jpg 1024w, https:\/\/fundacionpuertocolombia.org\/wp-content\/uploads\/2015\/02\/Festival-Internacional-de-Coros-2013-226x150.jpg 226w, https:\/\/fundacionpuertocolombia.org\/wp-content\/uploads\/2015\/02\/Festival-Internacional-de-Coros-2013-150x99.jpg 150w, https:\/\/fundacionpuertocolombia.org\/wp-content\/uploads\/2015\/02\/Festival-Internacional-de-Coros-2013-e1423608644918.jpg 999w\" sizes=\"(max-width: 300px) 100vw, 300px\" \/><\/a>\n\t\t\t<\/dt><\/dl><dl class='gallery-item'>\n\t\t\t<dt class='gallery-icon portrait'>\n\t\t\t\t<a href='https:\/\/fundacionpuertocolombia.org\/wp-content\/uploads\/2015\/02\/DSC_4918-e1423608702309.jpg'><img loading=\"lazy\" decoding=\"async\" width=\"199\" height=\"300\" src=\"https:\/\/fundacionpuertocolombia.org\/wp-content\/uploads\/2015\/02\/DSC_4918-e1423608702309-199x300.jpg\" class=\"attachment-medium size-medium\" alt=\"\" srcset=\"https:\/\/fundacionpuertocolombia.org\/wp-content\/uploads\/2015\/02\/DSC_4918-e1423608702309-199x300.jpg 199w, https:\/\/fundacionpuertocolombia.org\/wp-content\/uploads\/2015\/02\/DSC_4918-e1423608702309-99x150.jpg 99w, https:\/\/fundacionpuertocolombia.org\/wp-content\/uploads\/2015\/02\/DSC_4918-e1423608702309.jpg 662w\" sizes=\"(max-width: 199px) 100vw, 199px\" \/><\/a>\n\t\t\t<\/dt><\/dl><dl class='gallery-item'>\n\t\t\t<dt class='gallery-icon landscape'>\n\t\t\t\t<a href='https:\/\/fundacionpuertocolombia.org\/wp-content\/uploads\/2015\/02\/DSC_4924-e1423608723379.jpg'><img loading=\"lazy\" decoding=\"async\" width=\"300\" height=\"199\" src=\"https:\/\/fundacionpuertocolombia.org\/wp-content\/uploads\/2015\/02\/DSC_4924-300x199.jpg\" class=\"attachment-medium size-medium\" alt=\"\" srcset=\"https:\/\/fundacionpuertocolombia.org\/wp-content\/uploads\/2015\/02\/DSC_4924-300x199.jpg 300w, https:\/\/fundacionpuertocolombia.org\/wp-content\/uploads\/2015\/02\/DSC_4924-1024x678.jpg 1024w, https:\/\/fundacionpuertocolombia.org\/wp-content\/uploads\/2015\/02\/DSC_4924-226x150.jpg 226w, https:\/\/fundacionpuertocolombia.org\/wp-content\/uploads\/2015\/02\/DSC_4924-150x99.jpg 150w, https:\/\/fundacionpuertocolombia.org\/wp-content\/uploads\/2015\/02\/DSC_4924-e1423608723379.jpg 999w\" sizes=\"(max-width: 300px) 100vw, 300px\" \/><\/a>\n\t\t\t<\/dt><\/dl><br style=\"clear: both\" \/><dl class='gallery-item'>\n\t\t\t<dt class='gallery-icon landscape'>\n\t\t\t\t<a href='https:\/\/fundacionpuertocolombia.org\/wp-content\/uploads\/2015\/02\/DSC_4929-e1423608902911.jpg'><img loading=\"lazy\" decoding=\"async\" width=\"300\" height=\"199\" src=\"https:\/\/fundacionpuertocolombia.org\/wp-content\/uploads\/2015\/02\/DSC_4929-300x199.jpg\" class=\"attachment-medium size-medium\" alt=\"\" srcset=\"https:\/\/fundacionpuertocolombia.org\/wp-content\/uploads\/2015\/02\/DSC_4929-300x199.jpg 300w, https:\/\/fundacionpuertocolombia.org\/wp-content\/uploads\/2015\/02\/DSC_4929-1024x678.jpg 1024w, https:\/\/fundacionpuertocolombia.org\/wp-content\/uploads\/2015\/02\/DSC_4929-226x150.jpg 226w, https:\/\/fundacionpuertocolombia.org\/wp-content\/uploads\/2015\/02\/DSC_4929-150x99.jpg 150w, https:\/\/fundacionpuertocolombia.org\/wp-content\/uploads\/2015\/02\/DSC_4929-e1423608902911.jpg 999w\" sizes=\"(max-width: 300px) 100vw, 300px\" \/><\/a>\n\t\t\t<\/dt><\/dl><dl class='gallery-item'>\n\t\t\t<dt class='gallery-icon landscape'>\n\t\t\t\t<a href='https:\/\/fundacionpuertocolombia.org\/wp-content\/uploads\/2015\/02\/1383248_533180383429715_920884720_n.jpg'><img loading=\"lazy\" decoding=\"async\" width=\"300\" height=\"199\" src=\"https:\/\/fundacionpuertocolombia.org\/wp-content\/uploads\/2015\/02\/1383248_533180383429715_920884720_n-300x199.jpg\" class=\"attachment-medium size-medium\" alt=\"\" srcset=\"https:\/\/fundacionpuertocolombia.org\/wp-content\/uploads\/2015\/02\/1383248_533180383429715_920884720_n-300x199.jpg 300w, https:\/\/fundacionpuertocolombia.org\/wp-content\/uploads\/2015\/02\/1383248_533180383429715_920884720_n-226x150.jpg 226w, https:\/\/fundacionpuertocolombia.org\/wp-content\/uploads\/2015\/02\/1383248_533180383429715_920884720_n-150x100.jpg 150w, https:\/\/fundacionpuertocolombia.org\/wp-content\/uploads\/2015\/02\/1383248_533180383429715_920884720_n.jpg 960w\" sizes=\"(max-width: 300px) 100vw, 300px\" \/><\/a>\n\t\t\t<\/dt><\/dl><dl class='gallery-item'>\n\t\t\t<dt class='gallery-icon landscape'>\n\t\t\t\t<a href='https:\/\/fundacionpuertocolombia.org\/wp-content\/uploads\/2014\/02\/Coro-Sirena-Dirigido-por-Eleazar-Torreglosa.jpg'><img loading=\"lazy\" decoding=\"async\" width=\"300\" height=\"199\" src=\"https:\/\/fundacionpuertocolombia.org\/wp-content\/uploads\/2014\/02\/Coro-Sirena-Dirigido-por-Eleazar-Torreglosa-300x199.jpg\" class=\"attachment-medium size-medium\" alt=\"\" srcset=\"https:\/\/fundacionpuertocolombia.org\/wp-content\/uploads\/2014\/02\/Coro-Sirena-Dirigido-por-Eleazar-Torreglosa-300x199.jpg 300w, https:\/\/fundacionpuertocolombia.org\/wp-content\/uploads\/2014\/02\/Coro-Sirena-Dirigido-por-Eleazar-Torreglosa-225x150.jpg 225w, https:\/\/fundacionpuertocolombia.org\/wp-content\/uploads\/2014\/02\/Coro-Sirena-Dirigido-por-Eleazar-Torreglosa-150x99.jpg 150w, https:\/\/fundacionpuertocolombia.org\/wp-content\/uploads\/2014\/02\/Coro-Sirena-Dirigido-por-Eleazar-Torreglosa.jpg 640w\" sizes=\"(max-width: 300px) 100vw, 300px\" \/><\/a>\n\t\t\t<\/dt><\/dl><dl class='gallery-item'>\n\t\t\t<dt class='gallery-icon landscape'>\n\t\t\t\t<a href='https:\/\/fundacionpuertocolombia.org\/wp-content\/uploads\/2014\/02\/Coro-M\u00fasica-Tradicional-de-Salgar.jpg'><img loading=\"lazy\" decoding=\"async\" width=\"300\" height=\"199\" src=\"https:\/\/fundacionpuertocolombia.org\/wp-content\/uploads\/2014\/02\/Coro-M\u00fasica-Tradicional-de-Salgar-300x199.jpg\" class=\"attachment-medium size-medium\" alt=\"\" srcset=\"https:\/\/fundacionpuertocolombia.org\/wp-content\/uploads\/2014\/02\/Coro-M\u00fasica-Tradicional-de-Salgar-300x199.jpg 300w, https:\/\/fundacionpuertocolombia.org\/wp-content\/uploads\/2014\/02\/Coro-M\u00fasica-Tradicional-de-Salgar-225x150.jpg 225w, https:\/\/fundacionpuertocolombia.org\/wp-content\/uploads\/2014\/02\/Coro-M\u00fasica-Tradicional-de-Salgar-150x99.jpg 150w, https:\/\/fundacionpuertocolombia.org\/wp-content\/uploads\/2014\/02\/Coro-M\u00fasica-Tradicional-de-Salgar.jpg 640w\" sizes=\"(max-width: 300px) 100vw, 300px\" \/><\/a>\n\t\t\t<\/dt><\/dl><dl class='gallery-item'>\n\t\t\t<dt class='gallery-icon portrait'>\n\t\t\t\t<a href='https:\/\/fundacionpuertocolombia.org\/wp-content\/uploads\/2014\/02\/Este-ni\u00f1o-del-Coro-canto-Rio-enamor\u00f3-con-su-voz-a-los-asistentes.jpg'><img loading=\"lazy\" decoding=\"async\" width=\"256\" height=\"300\" src=\"https:\/\/fundacionpuertocolombia.org\/wp-content\/uploads\/2014\/02\/Este-ni\u00f1o-del-Coro-canto-Rio-enamor\u00f3-con-su-voz-a-los-asistentes-256x300.jpg\" class=\"attachment-medium size-medium\" alt=\"\" srcset=\"https:\/\/fundacionpuertocolombia.org\/wp-content\/uploads\/2014\/02\/Este-ni\u00f1o-del-Coro-canto-Rio-enamor\u00f3-con-su-voz-a-los-asistentes-256x300.jpg 256w, https:\/\/fundacionpuertocolombia.org\/wp-content\/uploads\/2014\/02\/Este-ni\u00f1o-del-Coro-canto-Rio-enamor\u00f3-con-su-voz-a-los-asistentes-128x150.jpg 128w, https:\/\/fundacionpuertocolombia.org\/wp-content\/uploads\/2014\/02\/Este-ni\u00f1o-del-Coro-canto-Rio-enamor\u00f3-con-su-voz-a-los-asistentes.jpg 480w\" sizes=\"(max-width: 256px) 100vw, 256px\" \/><\/a>\n\t\t\t<\/dt><\/dl><br style=\"clear: both\" \/><dl class='gallery-item'>\n\t\t\t<dt class='gallery-icon landscape'>\n\t\t\t\t<a href='https:\/\/fundacionpuertocolombia.org\/wp-content\/uploads\/2015\/02\/1379632_533151770099243_26650731_n.jpg'><img loading=\"lazy\" decoding=\"async\" width=\"300\" height=\"199\" src=\"https:\/\/fundacionpuertocolombia.org\/wp-content\/uploads\/2015\/02\/1379632_533151770099243_26650731_n-300x199.jpg\" class=\"attachment-medium size-medium\" alt=\"\" srcset=\"https:\/\/fundacionpuertocolombia.org\/wp-content\/uploads\/2015\/02\/1379632_533151770099243_26650731_n-300x199.jpg 300w, https:\/\/fundacionpuertocolombia.org\/wp-content\/uploads\/2015\/02\/1379632_533151770099243_26650731_n-226x150.jpg 226w, https:\/\/fundacionpuertocolombia.org\/wp-content\/uploads\/2015\/02\/1379632_533151770099243_26650731_n-150x100.jpg 150w, https:\/\/fundacionpuertocolombia.org\/wp-content\/uploads\/2015\/02\/1379632_533151770099243_26650731_n.jpg 960w\" sizes=\"(max-width: 300px) 100vw, 300px\" \/><\/a>\n\t\t\t<\/dt><\/dl><dl class='gallery-item'>\n\t\t\t<dt class='gallery-icon landscape'>\n\t\t\t\t<a href='https:\/\/fundacionpuertocolombia.org\/wp-content\/uploads\/2014\/02\/Coro-Cantor\u00eda-Vivace-bajo-la-direcci\u00f3n-de-la-mestra-Ma.-Magdalena-Carbonell.jpg'><img loading=\"lazy\" decoding=\"async\" width=\"300\" height=\"199\" src=\"https:\/\/fundacionpuertocolombia.org\/wp-content\/uploads\/2014\/02\/Coro-Cantor\u00eda-Vivace-bajo-la-direcci\u00f3n-de-la-mestra-Ma.-Magdalena-Carbonell-300x199.jpg\" class=\"attachment-medium size-medium\" alt=\"\" srcset=\"https:\/\/fundacionpuertocolombia.org\/wp-content\/uploads\/2014\/02\/Coro-Cantor\u00eda-Vivace-bajo-la-direcci\u00f3n-de-la-mestra-Ma.-Magdalena-Carbonell-300x199.jpg 300w, https:\/\/fundacionpuertocolombia.org\/wp-content\/uploads\/2014\/02\/Coro-Cantor\u00eda-Vivace-bajo-la-direcci\u00f3n-de-la-mestra-Ma.-Magdalena-Carbonell-225x150.jpg 225w, https:\/\/fundacionpuertocolombia.org\/wp-content\/uploads\/2014\/02\/Coro-Cantor\u00eda-Vivace-bajo-la-direcci\u00f3n-de-la-mestra-Ma.-Magdalena-Carbonell-150x99.jpg 150w, https:\/\/fundacionpuertocolombia.org\/wp-content\/uploads\/2014\/02\/Coro-Cantor\u00eda-Vivace-bajo-la-direcci\u00f3n-de-la-mestra-Ma.-Magdalena-Carbonell.jpg 640w\" sizes=\"(max-width: 300px) 100vw, 300px\" \/><\/a>\n\t\t\t<\/dt><\/dl><dl class='gallery-item'>\n\t\t\t<dt class='gallery-icon landscape'>\n\t\t\t\t<a href='https:\/\/fundacionpuertocolombia.org\/wp-content\/uploads\/2015\/02\/1394791_533182030096217_1235451878_n.jpg'><img loading=\"lazy\" decoding=\"async\" width=\"300\" height=\"199\" src=\"https:\/\/fundacionpuertocolombia.org\/wp-content\/uploads\/2015\/02\/1394791_533182030096217_1235451878_n-300x199.jpg\" class=\"attachment-medium size-medium\" alt=\"\" srcset=\"https:\/\/fundacionpuertocolombia.org\/wp-content\/uploads\/2015\/02\/1394791_533182030096217_1235451878_n-300x199.jpg 300w, https:\/\/fundacionpuertocolombia.org\/wp-content\/uploads\/2015\/02\/1394791_533182030096217_1235451878_n-226x150.jpg 226w, https:\/\/fundacionpuertocolombia.org\/wp-content\/uploads\/2015\/02\/1394791_533182030096217_1235451878_n-150x100.jpg 150w, https:\/\/fundacionpuertocolombia.org\/wp-content\/uploads\/2015\/02\/1394791_533182030096217_1235451878_n.jpg 960w\" sizes=\"(max-width: 300px) 100vw, 300px\" \/><\/a>\n\t\t\t<\/dt><\/dl><dl class='gallery-item'>\n\t\t\t<dt class='gallery-icon landscape'>\n\t\t\t\t<a href='https:\/\/fundacionpuertocolombia.org\/wp-content\/uploads\/2015\/02\/1382981_533181500096270_1232848221_n.jpg'><img loading=\"lazy\" decoding=\"async\" width=\"300\" height=\"160\" src=\"https:\/\/fundacionpuertocolombia.org\/wp-content\/uploads\/2015\/02\/1382981_533181500096270_1232848221_n-300x160.jpg\" class=\"attachment-medium size-medium\" alt=\"\" srcset=\"https:\/\/fundacionpuertocolombia.org\/wp-content\/uploads\/2015\/02\/1382981_533181500096270_1232848221_n-300x160.jpg 300w, https:\/\/fundacionpuertocolombia.org\/wp-content\/uploads\/2015\/02\/1382981_533181500096270_1232848221_n-250x133.jpg 250w, https:\/\/fundacionpuertocolombia.org\/wp-content\/uploads\/2015\/02\/1382981_533181500096270_1232848221_n-150x80.jpg 150w, https:\/\/fundacionpuertocolombia.org\/wp-content\/uploads\/2015\/02\/1382981_533181500096270_1232848221_n.jpg 960w\" sizes=\"(max-width: 300px) 100vw, 300px\" \/><\/a>\n\t\t\t<\/dt><\/dl><dl class='gallery-item'>\n\t\t\t<dt class='gallery-icon landscape'>\n\t\t\t\t<a href='https:\/\/fundacionpuertocolombia.org\/wp-content\/uploads\/2015\/02\/1377263_533182773429476_515925889_n-1.jpg'><img loading=\"lazy\" decoding=\"async\" width=\"300\" height=\"189\" src=\"https:\/\/fundacionpuertocolombia.org\/wp-content\/uploads\/2015\/02\/1377263_533182773429476_515925889_n-1-300x189.jpg\" class=\"attachment-medium size-medium\" alt=\"\" srcset=\"https:\/\/fundacionpuertocolombia.org\/wp-content\/uploads\/2015\/02\/1377263_533182773429476_515925889_n-1-300x189.jpg 300w, https:\/\/fundacionpuertocolombia.org\/wp-content\/uploads\/2015\/02\/1377263_533182773429476_515925889_n-1-238x150.jpg 238w, https:\/\/fundacionpuertocolombia.org\/wp-content\/uploads\/2015\/02\/1377263_533182773429476_515925889_n-1-150x95.jpg 150w, https:\/\/fundacionpuertocolombia.org\/wp-content\/uploads\/2015\/02\/1377263_533182773429476_515925889_n-1.jpg 960w\" sizes=\"(max-width: 300px) 100vw, 300px\" \/><\/a>\n\t\t\t<\/dt><\/dl><br style=\"clear: both\" \/><dl class='gallery-item'>\n\t\t\t<dt class='gallery-icon landscape'>\n\t\t\t\t<a href='https:\/\/fundacionpuertocolombia.org\/wp-content\/uploads\/2014\/02\/Voci-profonde-de-Nicaragua-durante-en-su-ultimo-d\u00eda-de-presentaci\u00f3n.jpg'><img loading=\"lazy\" decoding=\"async\" width=\"300\" height=\"232\" src=\"https:\/\/fundacionpuertocolombia.org\/wp-content\/uploads\/2014\/02\/Voci-profonde-de-Nicaragua-durante-en-su-ultimo-d\u00eda-de-presentaci\u00f3n-300x232.jpg\" class=\"attachment-medium size-medium\" alt=\"\" srcset=\"https:\/\/fundacionpuertocolombia.org\/wp-content\/uploads\/2014\/02\/Voci-profonde-de-Nicaragua-durante-en-su-ultimo-d\u00eda-de-presentaci\u00f3n-300x232.jpg 300w, https:\/\/fundacionpuertocolombia.org\/wp-content\/uploads\/2014\/02\/Voci-profonde-de-Nicaragua-durante-en-su-ultimo-d\u00eda-de-presentaci\u00f3n-193x150.jpg 193w, https:\/\/fundacionpuertocolombia.org\/wp-content\/uploads\/2014\/02\/Voci-profonde-de-Nicaragua-durante-en-su-ultimo-d\u00eda-de-presentaci\u00f3n-150x116.jpg 150w, https:\/\/fundacionpuertocolombia.org\/wp-content\/uploads\/2014\/02\/Voci-profonde-de-Nicaragua-durante-en-su-ultimo-d\u00eda-de-presentaci\u00f3n.jpg 619w\" sizes=\"(max-width: 300px) 100vw, 300px\" \/><\/a>\n\t\t\t<\/dt><\/dl><dl class='gallery-item'>\n\t\t\t<dt class='gallery-icon landscape'>\n\t\t\t\t<a href='https:\/\/fundacionpuertocolombia.org\/wp-content\/uploads\/2014\/02\/Coro-Alberto-Carbonell-de-Puerto-Colombia.jpg'><img loading=\"lazy\" decoding=\"async\" width=\"300\" height=\"157\" src=\"https:\/\/fundacionpuertocolombia.org\/wp-content\/uploads\/2014\/02\/Coro-Alberto-Carbonell-de-Puerto-Colombia-300x157.jpg\" class=\"attachment-medium size-medium\" alt=\"\" srcset=\"https:\/\/fundacionpuertocolombia.org\/wp-content\/uploads\/2014\/02\/Coro-Alberto-Carbonell-de-Puerto-Colombia-300x157.jpg 300w, https:\/\/fundacionpuertocolombia.org\/wp-content\/uploads\/2014\/02\/Coro-Alberto-Carbonell-de-Puerto-Colombia-250x131.jpg 250w, https:\/\/fundacionpuertocolombia.org\/wp-content\/uploads\/2014\/02\/Coro-Alberto-Carbonell-de-Puerto-Colombia-150x78.jpg 150w, https:\/\/fundacionpuertocolombia.org\/wp-content\/uploads\/2014\/02\/Coro-Alberto-Carbonell-de-Puerto-Colombia.jpg 640w\" sizes=\"(max-width: 300px) 100vw, 300px\" \/><\/a>\n\t\t\t<\/dt><\/dl><dl class='gallery-item'>\n\t\t\t<dt class='gallery-icon landscape'>\n\t\t\t\t<a href='https:\/\/fundacionpuertocolombia.org\/wp-content\/uploads\/2014\/02\/Coro-Pedro-Biava-dirigido-por-el-maestro-Alberto-Carbonell-Jimeno.jpg'><img loading=\"lazy\" decoding=\"async\" width=\"300\" height=\"199\" src=\"https:\/\/fundacionpuertocolombia.org\/wp-content\/uploads\/2014\/02\/Coro-Pedro-Biava-dirigido-por-el-maestro-Alberto-Carbonell-Jimeno-300x199.jpg\" class=\"attachment-medium size-medium\" alt=\"\" srcset=\"https:\/\/fundacionpuertocolombia.org\/wp-content\/uploads\/2014\/02\/Coro-Pedro-Biava-dirigido-por-el-maestro-Alberto-Carbonell-Jimeno-300x199.jpg 300w, https:\/\/fundacionpuertocolombia.org\/wp-content\/uploads\/2014\/02\/Coro-Pedro-Biava-dirigido-por-el-maestro-Alberto-Carbonell-Jimeno-225x150.jpg 225w, https:\/\/fundacionpuertocolombia.org\/wp-content\/uploads\/2014\/02\/Coro-Pedro-Biava-dirigido-por-el-maestro-Alberto-Carbonell-Jimeno-150x99.jpg 150w, https:\/\/fundacionpuertocolombia.org\/wp-content\/uploads\/2014\/02\/Coro-Pedro-Biava-dirigido-por-el-maestro-Alberto-Carbonell-Jimeno.jpg 640w\" sizes=\"(max-width: 300px) 100vw, 300px\" \/><\/a>\n\t\t\t<\/dt><\/dl><dl class='gallery-item'>\n\t\t\t<dt class='gallery-icon portrait'>\n\t\t\t\t<a href='https:\/\/fundacionpuertocolombia.org\/wp-content\/uploads\/2014\/02\/Coro-Universidad-del-Atl\u00e1ntico-dirigido-por-Eleazar-Torreglosa.jpg'><img loading=\"lazy\" decoding=\"async\" width=\"199\" height=\"300\" src=\"https:\/\/fundacionpuertocolombia.org\/wp-content\/uploads\/2014\/02\/Coro-Universidad-del-Atl\u00e1ntico-dirigido-por-Eleazar-Torreglosa-199x300.jpg\" class=\"attachment-medium size-medium\" alt=\"\" srcset=\"https:\/\/fundacionpuertocolombia.org\/wp-content\/uploads\/2014\/02\/Coro-Universidad-del-Atl\u00e1ntico-dirigido-por-Eleazar-Torreglosa-199x300.jpg 199w, https:\/\/fundacionpuertocolombia.org\/wp-content\/uploads\/2014\/02\/Coro-Universidad-del-Atl\u00e1ntico-dirigido-por-Eleazar-Torreglosa-99x150.jpg 99w, https:\/\/fundacionpuertocolombia.org\/wp-content\/uploads\/2014\/02\/Coro-Universidad-del-Atl\u00e1ntico-dirigido-por-Eleazar-Torreglosa.jpg 425w\" sizes=\"(max-width: 199px) 100vw, 199px\" \/><\/a>\n\t\t\t<\/dt><\/dl><dl class='gallery-item'>\n\t\t\t<dt class='gallery-icon landscape'>\n\t\t\t\t<a href='https:\/\/fundacionpuertocolombia.org\/wp-content\/uploads\/2014\/02\/El-maestro-Eleazar-Torreglosa-dirigiendo-la-Gran-Masa-Coral-que-concluy\u00f3-el-Festival.jpg.jpg'><img loading=\"lazy\" decoding=\"async\" width=\"300\" height=\"159\" src=\"https:\/\/fundacionpuertocolombia.org\/wp-content\/uploads\/2014\/02\/El-maestro-Eleazar-Torreglosa-dirigiendo-la-Gran-Masa-Coral-que-concluy\u00f3-el-Festival.jpg-300x159.jpg\" class=\"attachment-medium size-medium\" alt=\"\" srcset=\"https:\/\/fundacionpuertocolombia.org\/wp-content\/uploads\/2014\/02\/El-maestro-Eleazar-Torreglosa-dirigiendo-la-Gran-Masa-Coral-que-concluy\u00f3-el-Festival.jpg-300x159.jpg 300w, https:\/\/fundacionpuertocolombia.org\/wp-content\/uploads\/2014\/02\/El-maestro-Eleazar-Torreglosa-dirigiendo-la-Gran-Masa-Coral-que-concluy\u00f3-el-Festival.jpg-250x133.jpg 250w, https:\/\/fundacionpuertocolombia.org\/wp-content\/uploads\/2014\/02\/El-maestro-Eleazar-Torreglosa-dirigiendo-la-Gran-Masa-Coral-que-concluy\u00f3-el-Festival.jpg-150x79.jpg 150w, https:\/\/fundacionpuertocolombia.org\/wp-content\/uploads\/2014\/02\/El-maestro-Eleazar-Torreglosa-dirigiendo-la-Gran-Masa-Coral-que-concluy\u00f3-el-Festival.jpg.jpg 640w\" sizes=\"(max-width: 300px) 100vw, 300px\" \/><\/a>\n\t\t\t<\/dt><\/dl><br style=\"clear: both\" \/><dl class='gallery-item'>\n\t\t\t<dt class='gallery-icon landscape'>\n\t\t\t\t<a href='https:\/\/fundacionpuertocolombia.org\/wp-content\/uploads\/2015\/02\/1381211_533182660096154_1689057800_n.jpg'><img loading=\"lazy\" decoding=\"async\" width=\"300\" height=\"199\" src=\"https:\/\/fundacionpuertocolombia.org\/wp-content\/uploads\/2015\/02\/1381211_533182660096154_1689057800_n-300x199.jpg\" class=\"attachment-medium size-medium\" alt=\"\" srcset=\"https:\/\/fundacionpuertocolombia.org\/wp-content\/uploads\/2015\/02\/1381211_533182660096154_1689057800_n-300x199.jpg 300w, https:\/\/fundacionpuertocolombia.org\/wp-content\/uploads\/2015\/02\/1381211_533182660096154_1689057800_n-226x150.jpg 226w, https:\/\/fundacionpuertocolombia.org\/wp-content\/uploads\/2015\/02\/1381211_533182660096154_1689057800_n-150x100.jpg 150w, https:\/\/fundacionpuertocolombia.org\/wp-content\/uploads\/2015\/02\/1381211_533182660096154_1689057800_n.jpg 960w\" sizes=\"(max-width: 300px) 100vw, 300px\" \/><\/a>\n\t\t\t<\/dt><\/dl><dl class='gallery-item'>\n\t\t\t<dt class='gallery-icon landscape'>\n\t\t\t\t<a href='https:\/\/fundacionpuertocolombia.org\/wp-content\/uploads\/2015\/02\/1380548_539267586156423_63782786_n.jpg'><img loading=\"lazy\" decoding=\"async\" width=\"300\" height=\"201\" src=\"https:\/\/fundacionpuertocolombia.org\/wp-content\/uploads\/2015\/02\/1380548_539267586156423_63782786_n-300x201.jpg\" class=\"attachment-medium size-medium\" alt=\"\" srcset=\"https:\/\/fundacionpuertocolombia.org\/wp-content\/uploads\/2015\/02\/1380548_539267586156423_63782786_n-300x201.jpg 300w, https:\/\/fundacionpuertocolombia.org\/wp-content\/uploads\/2015\/02\/1380548_539267586156423_63782786_n-224x150.jpg 224w, https:\/\/fundacionpuertocolombia.org\/wp-content\/uploads\/2015\/02\/1380548_539267586156423_63782786_n-150x100.jpg 150w, https:\/\/fundacionpuertocolombia.org\/wp-content\/uploads\/2015\/02\/1380548_539267586156423_63782786_n.jpg 960w\" sizes=\"(max-width: 300px) 100vw, 300px\" \/><\/a>\n\t\t\t<\/dt><\/dl><dl class='gallery-item'>\n\t\t\t<dt class='gallery-icon landscape'>\n\t\t\t\t<a href='https:\/\/fundacionpuertocolombia.org\/wp-content\/uploads\/2015\/02\/1382383_533182543429499_1332291411_n.jpg'><img loading=\"lazy\" decoding=\"async\" width=\"300\" height=\"243\" src=\"https:\/\/fundacionpuertocolombia.org\/wp-content\/uploads\/2015\/02\/1382383_533182543429499_1332291411_n-300x243.jpg\" class=\"attachment-medium size-medium\" alt=\"\" srcset=\"https:\/\/fundacionpuertocolombia.org\/wp-content\/uploads\/2015\/02\/1382383_533182543429499_1332291411_n-300x243.jpg 300w, https:\/\/fundacionpuertocolombia.org\/wp-content\/uploads\/2015\/02\/1382383_533182543429499_1332291411_n-185x150.jpg 185w, https:\/\/fundacionpuertocolombia.org\/wp-content\/uploads\/2015\/02\/1382383_533182543429499_1332291411_n-150x122.jpg 150w, https:\/\/fundacionpuertocolombia.org\/wp-content\/uploads\/2015\/02\/1382383_533182543429499_1332291411_n.jpg 960w\" sizes=\"(max-width: 300px) 100vw, 300px\" \/><\/a>\n\t\t\t<\/dt><\/dl><dl class='gallery-item'>\n\t\t\t<dt class='gallery-icon landscape'>\n\t\t\t\t<a href='https:\/\/fundacionpuertocolombia.org\/wp-content\/uploads\/2014\/02\/Elezar-Torreglosa-durante-el-discurso-de-agradecimiento-por-su-exaltaci\u00f3n.jpg'><img loading=\"lazy\" decoding=\"async\" width=\"300\" height=\"259\" src=\"https:\/\/fundacionpuertocolombia.org\/wp-content\/uploads\/2014\/02\/Elezar-Torreglosa-durante-el-discurso-de-agradecimiento-por-su-exaltaci\u00f3n-300x259.jpg\" class=\"attachment-medium size-medium\" alt=\"\" srcset=\"https:\/\/fundacionpuertocolombia.org\/wp-content\/uploads\/2014\/02\/Elezar-Torreglosa-durante-el-discurso-de-agradecimiento-por-su-exaltaci\u00f3n-300x259.jpg 300w, https:\/\/fundacionpuertocolombia.org\/wp-content\/uploads\/2014\/02\/Elezar-Torreglosa-durante-el-discurso-de-agradecimiento-por-su-exaltaci\u00f3n-173x150.jpg 173w, https:\/\/fundacionpuertocolombia.org\/wp-content\/uploads\/2014\/02\/Elezar-Torreglosa-durante-el-discurso-de-agradecimiento-por-su-exaltaci\u00f3n-150x129.jpg 150w, https:\/\/fundacionpuertocolombia.org\/wp-content\/uploads\/2014\/02\/Elezar-Torreglosa-durante-el-discurso-de-agradecimiento-por-su-exaltaci\u00f3n.jpg 555w\" sizes=\"(max-width: 300px) 100vw, 300px\" \/><\/a>\n\t\t\t<\/dt><\/dl><dl class='gallery-item'>\n\t\t\t<dt class='gallery-icon portrait'>\n\t\t\t\t<a href='https:\/\/fundacionpuertocolombia.org\/wp-content\/uploads\/2015\/02\/1379663_533182686762818_763481299_n.jpg'><img loading=\"lazy\" decoding=\"async\" width=\"210\" height=\"300\" src=\"https:\/\/fundacionpuertocolombia.org\/wp-content\/uploads\/2015\/02\/1379663_533182686762818_763481299_n-210x300.jpg\" class=\"attachment-medium size-medium\" alt=\"\" srcset=\"https:\/\/fundacionpuertocolombia.org\/wp-content\/uploads\/2015\/02\/1379663_533182686762818_763481299_n-210x300.jpg 210w, https:\/\/fundacionpuertocolombia.org\/wp-content\/uploads\/2015\/02\/1379663_533182686762818_763481299_n-105x150.jpg 105w, https:\/\/fundacionpuertocolombia.org\/wp-content\/uploads\/2015\/02\/1379663_533182686762818_763481299_n.jpg 672w\" sizes=\"(max-width: 210px) 100vw, 210px\" \/><\/a>\n\t\t\t<\/dt><\/dl><br style=\"clear: both\" \/><dl class='gallery-item'>\n\t\t\t<dt class='gallery-icon landscape'>\n\t\t\t\t<a href='https:\/\/fundacionpuertocolombia.org\/wp-content\/uploads\/2014\/02\/A.-Carbonell-AfifSim\u00e1n-HortensiaSanchez-EinarScaf-DeyanaAcostaMadiedo-EleazarTorreglosa-Claudia-Banoy-y-R.Cueto_.jpg'><img loading=\"lazy\" decoding=\"async\" width=\"300\" height=\"172\" src=\"https:\/\/fundacionpuertocolombia.org\/wp-content\/uploads\/2014\/02\/A.-Carbonell-AfifSim\u00e1n-HortensiaSanchez-EinarScaf-DeyanaAcostaMadiedo-EleazarTorreglosa-Claudia-Banoy-y-R.Cueto_-300x172.jpg\" class=\"attachment-medium size-medium\" alt=\"\" srcset=\"https:\/\/fundacionpuertocolombia.org\/wp-content\/uploads\/2014\/02\/A.-Carbonell-AfifSim\u00e1n-HortensiaSanchez-EinarScaf-DeyanaAcostaMadiedo-EleazarTorreglosa-Claudia-Banoy-y-R.Cueto_-300x172.jpg 300w, https:\/\/fundacionpuertocolombia.org\/wp-content\/uploads\/2014\/02\/A.-Carbonell-AfifSim\u00e1n-HortensiaSanchez-EinarScaf-DeyanaAcostaMadiedo-EleazarTorreglosa-Claudia-Banoy-y-R.Cueto_-250x144.jpg 250w, https:\/\/fundacionpuertocolombia.org\/wp-content\/uploads\/2014\/02\/A.-Carbonell-AfifSim\u00e1n-HortensiaSanchez-EinarScaf-DeyanaAcostaMadiedo-EleazarTorreglosa-Claudia-Banoy-y-R.Cueto_-150x86.jpg 150w, https:\/\/fundacionpuertocolombia.org\/wp-content\/uploads\/2014\/02\/A.-Carbonell-AfifSim\u00e1n-HortensiaSanchez-EinarScaf-DeyanaAcostaMadiedo-EleazarTorreglosa-Claudia-Banoy-y-R.Cueto_.jpg 640w\" sizes=\"(max-width: 300px) 100vw, 300px\" \/><\/a>\n\t\t\t<\/dt><\/dl><dl class='gallery-item'>\n\t\t\t<dt class='gallery-icon landscape'>\n\t\t\t\t<a href='https:\/\/fundacionpuertocolombia.org\/wp-content\/uploads\/2015\/02\/1382398_533183026762784_619803580_n.jpg'><img loading=\"lazy\" decoding=\"async\" width=\"300\" height=\"127\" src=\"https:\/\/fundacionpuertocolombia.org\/wp-content\/uploads\/2015\/02\/1382398_533183026762784_619803580_n-300x127.jpg\" class=\"attachment-medium size-medium\" alt=\"\" srcset=\"https:\/\/fundacionpuertocolombia.org\/wp-content\/uploads\/2015\/02\/1382398_533183026762784_619803580_n-300x127.jpg 300w, https:\/\/fundacionpuertocolombia.org\/wp-content\/uploads\/2015\/02\/1382398_533183026762784_619803580_n-250x106.jpg 250w, https:\/\/fundacionpuertocolombia.org\/wp-content\/uploads\/2015\/02\/1382398_533183026762784_619803580_n-150x64.jpg 150w, https:\/\/fundacionpuertocolombia.org\/wp-content\/uploads\/2015\/02\/1382398_533183026762784_619803580_n.jpg 960w\" sizes=\"(max-width: 300px) 100vw, 300px\" \/><\/a>\n\t\t\t<\/dt><\/dl><dl class='gallery-item'>\n\t\t\t<dt class='gallery-icon landscape'>\n\t\t\t\t<a href='https:\/\/fundacionpuertocolombia.org\/wp-content\/uploads\/2015\/02\/1384159_533182903429463_1524683613_n.jpg'><img loading=\"lazy\" decoding=\"async\" width=\"300\" height=\"199\" src=\"https:\/\/fundacionpuertocolombia.org\/wp-content\/uploads\/2015\/02\/1384159_533182903429463_1524683613_n-300x199.jpg\" class=\"attachment-medium size-medium\" alt=\"\" srcset=\"https:\/\/fundacionpuertocolombia.org\/wp-content\/uploads\/2015\/02\/1384159_533182903429463_1524683613_n-300x199.jpg 300w, https:\/\/fundacionpuertocolombia.org\/wp-content\/uploads\/2015\/02\/1384159_533182903429463_1524683613_n-226x150.jpg 226w, https:\/\/fundacionpuertocolombia.org\/wp-content\/uploads\/2015\/02\/1384159_533182903429463_1524683613_n-150x100.jpg 150w, https:\/\/fundacionpuertocolombia.org\/wp-content\/uploads\/2015\/02\/1384159_533182903429463_1524683613_n.jpg 960w\" sizes=\"(max-width: 300px) 100vw, 300px\" \/><\/a>\n\t\t\t<\/dt><\/dl>\n\t\t\t<br style='clear: both' \/>\n\t\t<\/div>","protected":false},"excerpt":{"rendered":"<p>Del 1 al 5 de octubre de 2013 se realiz\u00f3 en toda Barranquilla y el Departamento del Atl\u00e1ntico, el FESTIVAL\u2026 <a class=\"continue-reading-link\" href=\"https:\/\/fundacionpuertocolombia.org\/en\/proyectos\/unmardevoces\/festival-internacional-de-coros-un-mar-de-voces-2013\/\">Seguir Leyendo<\/a><\/p>","protected":false},"author":4,"featured_media":0,"parent":96,"menu_order":0,"comment_status":"closed","ping_status":"closed","template":"","meta":{"footnotes":""},"class_list":["post-1812","page","type-page","status-publish","hentry"],"yoast_head":"<!-- This site is optimized with the Yoast SEO Premium plugin v22.2 (Yoast SEO v27.4) - https:\/\/yoast.com\/product\/yoast-seo-premium-wordpress\/ -->\n<title>Festival 2013 - Fundaci\u00f3n Puerto Colombia<\/title>\n<meta name=\"robots\" content=\"index, follow, max-snippet:-1, max-image-preview:large, max-video-preview:-1\" \/>\n<link rel=\"canonical\" href=\"https:\/\/fundacionpuertocolombia.org\/en\/proyectos\/unmardevoces\/festival-internacional-de-coros-un-mar-de-voces-2013\/\" \/>\n<meta property=\"og:locale\" content=\"en_US\" \/>\n<meta property=\"og:type\" content=\"article\" \/>\n<meta property=\"og:title\" content=\"Festival 2013\" \/>\n<meta property=\"og:description\" content=\"Del 1 al 5 de octubre de 2013 se realiz\u00f3 en toda Barranquilla y el Departamento del Atl\u00e1ntico, el FESTIVAL\u2026 Seguir Leyendo\" \/>\n<meta property=\"og:url\" content=\"https:\/\/fundacionpuertocolombia.org\/en\/proyectos\/unmardevoces\/festival-internacional-de-coros-un-mar-de-voces-2013\/\" \/>\n<meta property=\"og:site_name\" content=\"Fundaci\u00f3n Puerto Colombia\" \/>\n<meta property=\"article:modified_time\" content=\"2015-02-11T14:52:21+00:00\" \/>\n<meta property=\"og:image\" content=\"https:\/\/fundacionpuertocolombia.org\/wp-content\/uploads\/2015\/02\/afiche-oficial-festival-de-coros-2013-203x300.jpg\" \/>\n<meta name=\"twitter:card\" content=\"summary_large_image\" \/>\n<meta name=\"twitter:label1\" content=\"Est. reading time\" \/>\n\t<meta name=\"twitter:data1\" content=\"1 minute\" \/>\n<script type=\"application\/ld+json\" class=\"yoast-schema-graph\">{\"@context\":\"https:\\\/\\\/schema.org\",\"@graph\":[{\"@type\":\"WebPage\",\"@id\":\"https:\\\/\\\/fundacionpuertocolombia.org\\\/proyectos\\\/unmardevoces\\\/festival-internacional-de-coros-un-mar-de-voces-2013\\\/\",\"url\":\"https:\\\/\\\/fundacionpuertocolombia.org\\\/proyectos\\\/unmardevoces\\\/festival-internacional-de-coros-un-mar-de-voces-2013\\\/\",\"name\":\"Festival 2013 - Fundaci\u00f3n Puerto Colombia\",\"isPartOf\":{\"@id\":\"https:\\\/\\\/fundacionpuertocolombia.org\\\/#website\"},\"datePublished\":\"2015-02-05T16:31:05+00:00\",\"dateModified\":\"2015-02-11T14:52:21+00:00\",\"breadcrumb\":{\"@id\":\"https:\\\/\\\/fundacionpuertocolombia.org\\\/proyectos\\\/unmardevoces\\\/festival-internacional-de-coros-un-mar-de-voces-2013\\\/#breadcrumb\"},\"inLanguage\":\"en-US\",\"potentialAction\":[{\"@type\":\"ReadAction\",\"target\":[\"https:\\\/\\\/fundacionpuertocolombia.org\\\/proyectos\\\/unmardevoces\\\/festival-internacional-de-coros-un-mar-de-voces-2013\\\/\"]}]},{\"@type\":\"BreadcrumbList\",\"@id\":\"https:\\\/\\\/fundacionpuertocolombia.org\\\/proyectos\\\/unmardevoces\\\/festival-internacional-de-coros-un-mar-de-voces-2013\\\/#breadcrumb\",\"itemListElement\":[{\"@type\":\"ListItem\",\"position\":1,\"name\":\"Portada\",\"item\":\"https:\\\/\\\/fundacionpuertocolombia.org\\\/\"},{\"@type\":\"ListItem\",\"position\":2,\"name\":\"Proyectos\",\"item\":\"https:\\\/\\\/fundacionpuertocolombia.org\\\/proyectos\\\/\"},{\"@type\":\"ListItem\",\"position\":3,\"name\":\"&#8220;Un Mar de Voces&#8221;\",\"item\":\"https:\\\/\\\/fundacionpuertocolombia.org\\\/proyectos\\\/unmardevoces\\\/\"},{\"@type\":\"ListItem\",\"position\":4,\"name\":\"Festival 2013\"}]},{\"@type\":\"WebSite\",\"@id\":\"https:\\\/\\\/fundacionpuertocolombia.org\\\/#website\",\"url\":\"https:\\\/\\\/fundacionpuertocolombia.org\\\/\",\"name\":\"Fundaci\u00f3n Puerto Colombia\",\"description\":\"Tierra Firme Para La Cultura!\",\"potentialAction\":[{\"@type\":\"SearchAction\",\"target\":{\"@type\":\"EntryPoint\",\"urlTemplate\":\"https:\\\/\\\/fundacionpuertocolombia.org\\\/?s={search_term_string}\"},\"query-input\":{\"@type\":\"PropertyValueSpecification\",\"valueRequired\":true,\"valueName\":\"search_term_string\"}}],\"inLanguage\":\"en-US\"}]}<\/script>\n<!-- \/ Yoast SEO Premium plugin. -->","yoast_head_json":{"title":"Festival 2013 - Fundaci\u00f3n Puerto Colombia","robots":{"index":"index","follow":"follow","max-snippet":"max-snippet:-1","max-image-preview":"max-image-preview:large","max-video-preview":"max-video-preview:-1"},"canonical":"https:\/\/fundacionpuertocolombia.org\/en\/proyectos\/unmardevoces\/festival-internacional-de-coros-un-mar-de-voces-2013\/","og_locale":"en_US","og_type":"article","og_title":"Festival 2013","og_description":"Del 1 al 5 de octubre de 2013 se realiz\u00f3 en toda Barranquilla y el Departamento del Atl\u00e1ntico, el FESTIVAL\u2026 Seguir Leyendo","og_url":"https:\/\/fundacionpuertocolombia.org\/en\/proyectos\/unmardevoces\/festival-internacional-de-coros-un-mar-de-voces-2013\/","og_site_name":"Fundaci\u00f3n Puerto Colombia","article_modified_time":"2015-02-11T14:52:21+00:00","og_image":[{"url":"https:\/\/fundacionpuertocolombia.org\/wp-content\/uploads\/2015\/02\/afiche-oficial-festival-de-coros-2013-203x300.jpg","type":"","width":"","height":""}],"twitter_card":"summary_large_image","twitter_misc":{"Est. reading time":"1 minute"},"schema":{"@context":"https:\/\/schema.org","@graph":[{"@type":"WebPage","@id":"https:\/\/fundacionpuertocolombia.org\/proyectos\/unmardevoces\/festival-internacional-de-coros-un-mar-de-voces-2013\/","url":"https:\/\/fundacionpuertocolombia.org\/proyectos\/unmardevoces\/festival-internacional-de-coros-un-mar-de-voces-2013\/","name":"Festival 2013 - Fundaci\u00f3n Puerto Colombia","isPartOf":{"@id":"https:\/\/fundacionpuertocolombia.org\/#website"},"datePublished":"2015-02-05T16:31:05+00:00","dateModified":"2015-02-11T14:52:21+00:00","breadcrumb":{"@id":"https:\/\/fundacionpuertocolombia.org\/proyectos\/unmardevoces\/festival-internacional-de-coros-un-mar-de-voces-2013\/#breadcrumb"},"inLanguage":"en-US","potentialAction":[{"@type":"ReadAction","target":["https:\/\/fundacionpuertocolombia.org\/proyectos\/unmardevoces\/festival-internacional-de-coros-un-mar-de-voces-2013\/"]}]},{"@type":"BreadcrumbList","@id":"https:\/\/fundacionpuertocolombia.org\/proyectos\/unmardevoces\/festival-internacional-de-coros-un-mar-de-voces-2013\/#breadcrumb","itemListElement":[{"@type":"ListItem","position":1,"name":"Portada","item":"https:\/\/fundacionpuertocolombia.org\/"},{"@type":"ListItem","position":2,"name":"Proyectos","item":"https:\/\/fundacionpuertocolombia.org\/proyectos\/"},{"@type":"ListItem","position":3,"name":"&#8220;Un Mar de Voces&#8221;","item":"https:\/\/fundacionpuertocolombia.org\/proyectos\/unmardevoces\/"},{"@type":"ListItem","position":4,"name":"Festival 2013"}]},{"@type":"WebSite","@id":"https:\/\/fundacionpuertocolombia.org\/#website","url":"https:\/\/fundacionpuertocolombia.org\/","name":"Fundaci\u00f3n Puerto Colombia","description":"Tierra Firme Para La Cultura!","potentialAction":[{"@type":"SearchAction","target":{"@type":"EntryPoint","urlTemplate":"https:\/\/fundacionpuertocolombia.org\/?s={search_term_string}"},"query-input":{"@type":"PropertyValueSpecification","valueRequired":true,"valueName":"search_term_string"}}],"inLanguage":"en-US"}]}},"_links":{"self":[{"href":"https:\/\/fundacionpuertocolombia.org\/en\/wp-json\/wp\/v2\/pages\/1812","targetHints":{"allow":["GET"]}}],"collection":[{"href":"https:\/\/fundacionpuertocolombia.org\/en\/wp-json\/wp\/v2\/pages"}],"about":[{"href":"https:\/\/fundacionpuertocolombia.org\/en\/wp-json\/wp\/v2\/types\/page"}],"author":[{"embeddable":true,"href":"https:\/\/fundacionpuertocolombia.org\/en\/wp-json\/wp\/v2\/users\/4"}],"replies":[{"embeddable":true,"href":"https:\/\/fundacionpuertocolombia.org\/en\/wp-json\/wp\/v2\/comments?post=1812"}],"version-history":[{"count":0,"href":"https:\/\/fundacionpuertocolombia.org\/en\/wp-json\/wp\/v2\/pages\/1812\/revisions"}],"up":[{"embeddable":true,"href":"https:\/\/fundacionpuertocolombia.org\/en\/wp-json\/wp\/v2\/pages\/96"}],"wp:attachment":[{"href":"https:\/\/fundacionpuertocolombia.org\/en\/wp-json\/wp\/v2\/media?parent=1812"}],"curies":[{"name":"wp","href":"https:\/\/api.w.org\/{rel}","templated":true}]}}